{"id":60,"date":"2024-10-02T22:11:34","date_gmt":"2024-10-02T20:11:34","guid":{"rendered":"https:\/\/www.terredemilpa.fr\/?page_id=60"},"modified":"2025-05-28T16:13:01","modified_gmt":"2025-05-28T14:13:01","slug":"acceuil","status":"publish","type":"page","link":"https:\/\/www.terredemilpa.fr\/","title":{"rendered":"D\u00e9couvrir Terre de Milpa"},"content":{"rendered":"\n<p>L&rsquo;association d\u00e9veloppe la cr\u00e9ation d&rsquo;une ferme innovante en agro-\u00e9cologie sur le territoire de la M\u00e9tropole de Lyon, en \u0153uvrant contre les injustices et diff\u00e9rentes formes d&rsquo;exclusion et pour l&rsquo;\u00e9galit\u00e9 et la place des femmes.<\/p>\n\n\n\n<p><\/p>\n\n\n\n<h2 class=\"wp-block-heading has-text-align-center  tdm_justify;\">Pour un syst\u00e8me alimentaire plus juste, \u00e9cologique et solidaire<\/h2>\n\n\n\n<p class=\"has-text-align-center\">Terre de Milpa inscrit son action dans un r\u00e9seau solidaire fort :<\/p>\n\n\n\n<div class=\"wp-block-group is-content-justification-center is-nowrap is-layout-flex wp-container-core-group-is-layout-23441af8 wp-block-group-is-layout-flex\">\n<figure class=\"wp-block-image size-full is-resized\"><a href=\"https:\/\/www.reseaucocagne.org\/\" target=\"_blank\" rel=\" noreferrer noopener\"><img loading=\"lazy\" decoding=\"async\" width=\"400\" height=\"400\" src=\"https:\/\/www.terredemilpa.fr\/wp-content\/uploads\/2024\/10\/fbjqpwRT_400x400-1.jpg\" alt=\"\" class=\"wp-image-174\" style=\"width:279px;height:auto\" srcset=\"https:\/\/www.terredemilpa.fr\/wp-content\/uploads\/2024\/10\/fbjqpwRT_400x400-1.jpg 400w, https:\/\/www.terredemilpa.fr\/wp-content\/uploads\/2024\/10\/fbjqpwRT_400x400-1-300x300.jpg 300w, https:\/\/www.terredemilpa.fr\/wp-content\/uploads\/2024\/10\/fbjqpwRT_400x400-1-150x150.jpg 150w\" sizes=\"auto, (max-width: 400px) 100vw, 400px\" \/><\/a><\/figure>\n\n\n\n<figure class=\"wp-block-image size-full is-resized\"><a href=\"https:\/\/cooperative-oasis.org\/\" target=\"_blank\" rel=\" noreferrer noopener\"><img loading=\"lazy\" decoding=\"async\" width=\"1000\" height=\"598\" src=\"https:\/\/www.terredemilpa.fr\/wp-content\/uploads\/2024\/10\/logo_coop.png\" alt=\"\" class=\"wp-image-172\" style=\"width:199px;height:auto\" srcset=\"https:\/\/www.terredemilpa.fr\/wp-content\/uploads\/2024\/10\/logo_coop.png 1000w, https:\/\/www.terredemilpa.fr\/wp-content\/uploads\/2024\/10\/logo_coop-300x179.png 300w, https:\/\/www.terredemilpa.fr\/wp-content\/uploads\/2024\/10\/logo_coop-768x459.png 768w\" sizes=\"auto, (max-width: 1000px) 100vw, 1000px\" \/><\/a><\/figure>\n\n\n\n<figure class=\"wp-block-image size-large is-resized\"><a href=\"https:\/\/emmaus-france.org\/\" target=\"_blank\" rel=\" noreferrer noopener\"><img loading=\"lazy\" decoding=\"async\" width=\"1024\" height=\"576\" src=\"https:\/\/www.terredemilpa.fr\/wp-content\/uploads\/2024\/10\/emmaus_france-1-1024x576.jpg\" alt=\"\" class=\"wp-image-173\" style=\"width:235px;height:auto\" srcset=\"https:\/\/www.terredemilpa.fr\/wp-content\/uploads\/2024\/10\/emmaus_france-1-1024x576.jpg 1024w, https:\/\/www.terredemilpa.fr\/wp-content\/uploads\/2024\/10\/emmaus_france-1-300x169.jpg 300w, https:\/\/www.terredemilpa.fr\/wp-content\/uploads\/2024\/10\/emmaus_france-1-768x432.jpg 768w, https:\/\/www.terredemilpa.fr\/wp-content\/uploads\/2024\/10\/emmaus_france-1-1536x864.jpg 1536w, https:\/\/www.terredemilpa.fr\/wp-content\/uploads\/2024\/10\/emmaus_france-1.jpg 1600w\" sizes=\"auto, (max-width: 1024px) 100vw, 1024px\" \/><\/a><\/figure>\n<\/div>\n\n\n\n<div class=\"wp-block-group has-global-padding is-layout-constrained wp-block-group-is-layout-constrained\">\n<div class=\"wp-block-group is-layout-flow wp-block-group-is-layout-flow\">\n<p class=\"has-text-align-center has-text-color\" style=\"color:#0bb4aa\"><strong>LES PROJETS DE TERRE DE MILPA<\/strong><\/p>\n\n\n\n<h3 class=\"wp-block-heading has-text-align-center has-large-font-size\">Terre de Milpa, c&rsquo;est &#8230;<\/h3>\n\n\n\n<div style=\"height:38px\" aria-hidden=\"true\" class=\"wp-block-spacer\"><\/div>\n\n\n\n<div class=\"wp-block-columns is-layout-flex wp-container-core-columns-is-layout-28f84493 wp-block-columns-is-layout-flex\">\n<div class=\"wp-block-column is-style-default is-layout-flow wp-block-column-is-layout-flow\" style=\"border-style:none;border-width:0px;padding-top:0;padding-right:0;padding-bottom:0;padding-left:0\">\n<h3 class=\"wp-block-heading\">Un Atelier Chantier d&rsquo;Insertion par le maraichage biologique depuis novembre 2022<\/h3>\n\n\n\n<div class=\"wp-block-group has-global-padding is-layout-constrained wp-block-group-is-layout-constrained\">\n<figure class=\"wp-block-image size-full\"><img loading=\"lazy\" decoding=\"async\" width=\"600\" height=\"400\" src=\"https:\/\/www.terredemilpa.fr\/wp-content\/uploads\/2024\/10\/Sans-titre-15.png\" alt=\"\" class=\"wp-image-92\" srcset=\"https:\/\/www.terredemilpa.fr\/wp-content\/uploads\/2024\/10\/Sans-titre-15.png 600w, https:\/\/www.terredemilpa.fr\/wp-content\/uploads\/2024\/10\/Sans-titre-15-300x200.png 300w\" sizes=\"auto, (max-width: 600px) 100vw, 600px\" \/><\/figure>\n<\/div>\n\n\n\n<p>Nous proposons un accompagnement personnalis\u00e9 et une activit\u00e9 professionnelle \u00e0 des personnes sans emploi rencontrant des difficult\u00e9s sociales et professionnelles.<\/p>\n\n\n\n<p>Les axes sp\u00e9cifiques de l\u2019accompagnement Terre de Milpa sont&nbsp;:<\/p>\n\n\n\n<ul class=\"wp-block-list\">\n<li>Une attention aux questions environnementales et \u00e0 la nature dont nous faisons partie<\/li>\n<\/ul>\n\n\n\n<ul class=\"wp-block-list\">\n<li>Une \u00e9quipe mixte avec au moins autant de femmes que d\u2019hommes accompagn\u00e9-es en insertion<\/li>\n<\/ul>\n\n\n\n<ul class=\"wp-block-list\">\n<li>Un accompagnement particulier sur les probl\u00e9matiques rencontr\u00e9es plus sp\u00e9cifiquement par les femmes<\/li>\n<\/ul>\n\n\n\n<ul class=\"wp-block-list\">\n<li>Une gouvernance qui favorise l\u2019intelligence collective, la qualit\u00e9 des relations humaines et la participation de chacun-e au projet<\/li>\n<\/ul>\n\n\n\n<p><\/p>\n<\/div>\n\n\n\n<div class=\"wp-block-column is-style-default is-layout-flow wp-block-column-is-layout-flow\" style=\"border-style:none;border-width:0px;padding-top:0;padding-right:0;padding-bottom:0;padding-left:0\">\n<h3 class=\"wp-block-heading\">Un tiers lieux nourricier, espace de rencontre et d&rsquo;\u00e9changes autour de la cuisine<\/h3>\n\n\n\n<div class=\"wp-block-group has-global-padding is-layout-constrained wp-block-group-is-layout-constrained\">\n<div class=\"wp-block-group has-global-padding is-layout-constrained wp-block-group-is-layout-constrained\">\n<figure class=\"wp-block-image size-full\"><img loading=\"lazy\" decoding=\"async\" width=\"600\" height=\"400\" src=\"https:\/\/www.terredemilpa.fr\/wp-content\/uploads\/2024\/10\/Sans-titre-18.png\" alt=\"\" class=\"wp-image-93\" srcset=\"https:\/\/www.terredemilpa.fr\/wp-content\/uploads\/2024\/10\/Sans-titre-18.png 600w, https:\/\/www.terredemilpa.fr\/wp-content\/uploads\/2024\/10\/Sans-titre-18-300x200.png 300w\" sizes=\"auto, (max-width: 600px) 100vw, 600px\" \/><\/figure>\n<\/div>\n<\/div>\n\n\n\n<p>La ferme est un lieu de sensibilisation, d\u2019\u00e9changes et d\u2019exp\u00e9rimentation autour de l\u2019alimentation saine, accessible et durable. <\/p>\n\n\n\n<p>Cela se traduit principalement par l\u2019animation d\u2019ateliers de cuisine valorisant les savoir-faire de chacun-e, les l\u00e9gumes et les fruits de saison et le bien-vivre alimentaire. <\/p>\n\n\n\n<p>Nous proposons des paniers solidaires \u00e0 prix r\u00e9duits pour des foyers \u00e0 faibles ressources financi\u00e8res, participant \u00e0 l\u2019accessibilit\u00e9 alimentaire pour toutes et tous.<\/p>\n\n\n\n<p><\/p>\n<\/div>\n\n\n\n<div class=\"wp-block-column is-style-default is-layout-flow wp-block-column-is-layout-flow\" style=\"border-style:none;border-width:0px;padding-top:0;padding-right:0;padding-bottom:0;padding-left:0\">\n<h3 class=\"wp-block-heading\"><strong>Un tiers-lieu \u00e9cologique et social<\/strong>, <strong>une ferme p\u00e9dagogique<\/strong> et ouverte sur le monde<\/h3>\n\n\n\n<div class=\"wp-block-group has-global-padding is-layout-constrained wp-block-group-is-layout-constrained\">\n<div class=\"wp-block-columns is-layout-flex wp-container-core-columns-is-layout-28f84493 wp-block-columns-is-layout-flex\">\n<div class=\"wp-block-column is-layout-flow wp-block-column-is-layout-flow\" style=\"flex-basis:100%\">\n<figure class=\"wp-block-image size-full\"><img loading=\"lazy\" decoding=\"async\" width=\"1024\" height=\"683\" src=\"https:\/\/www.terredemilpa.fr\/wp-content\/uploads\/2024\/10\/0022_Fete-Ete_2023_Terre-de-Milpa_022_WEB.jpg\" alt=\"\" class=\"wp-image-252\" srcset=\"https:\/\/www.terredemilpa.fr\/wp-content\/uploads\/2024\/10\/0022_Fete-Ete_2023_Terre-de-Milpa_022_WEB.jpg 1024w, https:\/\/www.terredemilpa.fr\/wp-content\/uploads\/2024\/10\/0022_Fete-Ete_2023_Terre-de-Milpa_022_WEB-300x200.jpg 300w, https:\/\/www.terredemilpa.fr\/wp-content\/uploads\/2024\/10\/0022_Fete-Ete_2023_Terre-de-Milpa_022_WEB-768x512.jpg 768w\" sizes=\"auto, (max-width: 1024px) 100vw, 1024px\" \/><\/figure>\n<\/div>\n<\/div>\n<\/div>\n\n\n\n<p>La ferme cherche \u00e0 \u00eatre un lieu de vie ouvert sur son environnement, un lieu d\u2019exp\u00e9rimentation, de travail, d\u2019\u00e9mancipation et de coop\u00e9rations participant \u00e0 relever les nombreux d\u00e9fis actuels de l\u2019humanit\u00e9, parmi lesquels la pr\u00e9servation de notre plan\u00e8te, l\u2019\u00e9galit\u00e9 femmes-hommes et la lutte contre la pauvret\u00e9 et les discriminations.<\/p>\n\n\n\n<p>Nous r\u00e9alisons chaque mois un chantier participatif avec des volontaires venus d\u2019horizons diff\u00e9rents (mara\u00eechage, bricolage, travaux divers, etc.).<\/p>\n\n\n\n<p>Nous accueillons les \u00e9tudiant-es dans le cadre de leurs travaux d\u2019\u00e9tudes ainsi que des stagiaires et des b\u00e9n\u00e9voles souhaitant participer au projet<\/p>\n\n\n\n<p>La ferme accueille \u00e9galement des \u00e9v\u00e8nements culturels et organise des portes ouvertes au moins deux fois par an lors de f\u00eates<\/p>\n\n\n\n<p class=\"dm_justify;\">Terre de Milpa anime r\u00e9guli\u00e8rement sur la ferme ou en ext\u00e9rieur des ateliers sur les th\u00e9matiques qui nous sont ch\u00e8res&nbsp;: agro\u00e9cologie, permaculture, alimentation durable, mise en place d\u2019un potager.&nbsp;<\/p>\n\n\n\n<p><\/p>\n<\/div>\n<\/div>\n<\/div>\n<\/div>\n\n\n\n<div id=\"team\" class=\"wp-block-group has-global-padding is-layout-constrained wp-block-group-is-layout-constrained\">\n<div class=\"wp-block-columns is-layout-flex wp-container-core-columns-is-layout-28f84493 wp-block-columns-is-layout-flex\">\n<div class=\"wp-block-column is-layout-flow wp-block-column-is-layout-flow\" style=\"flex-basis:100%\">\n<div class=\"wp-block-group is-layout-flow wp-block-group-is-layout-flow\">\n<div style=\"height:47px\" aria-hidden=\"true\" class=\"wp-block-spacer\"><\/div>\n\n\n\n<h2 class=\"wp-block-heading has-text-align-center has-large-font-size\"><strong>Le projet se d\u00e9veloppe aussi avec \u2026<\/strong><\/h2>\n\n\n\n<div style=\"height:47px\" aria-hidden=\"true\" class=\"wp-block-spacer\"><\/div>\n\n\n\n<div style=\"height:0px\" aria-hidden=\"true\" class=\"wp-block-spacer\"><\/div>\n<\/div>\n<\/div>\n<\/div>\n<\/div>\n\n\n\n<div class=\"wp-block-group has-global-padding is-layout-constrained wp-block-group-is-layout-constrained\">\n<div class=\"wp-block-columns is-layout-flex wp-container-core-columns-is-layout-28f84493 wp-block-columns-is-layout-flex\">\n<div class=\"wp-block-column is-layout-flow wp-block-column-is-layout-flow\">\n<h3 class=\"wp-block-heading\">\u00ab Des femmes &amp; des fermes \u00bb : un accompagnement \u00e0 la cr\u00e9ation de nouvelles fermes collectives et sociales.<\/h3>\n<\/div>\n\n\n\n<div class=\"wp-block-column is-layout-flow wp-block-column-is-layout-flow\">\n<h3 class=\"wp-block-heading\">La recherche en agro\u00e9cologie, l\u2019utilisation de semences paysannes, et des outils agricoles adapt\u00e9s aux femmes<\/h3>\n<\/div>\n<\/div>\n<\/div>\n\n\n\n<div class=\"wp-block-columns is-layout-flex wp-container-core-columns-is-layout-28f84493 wp-block-columns-is-layout-flex\">\n<div class=\"wp-block-column is-layout-flow wp-block-column-is-layout-flow\">\n<figure class=\"wp-block-image aligncenter size-full is-resized\"><img loading=\"lazy\" decoding=\"async\" width=\"350\" height=\"236\" src=\"https:\/\/www.terredemilpa.fr\/wp-content\/uploads\/2024\/10\/image001-1.png\" alt=\"\" class=\"wp-image-261\" style=\"width:409px;height:auto\" srcset=\"https:\/\/www.terredemilpa.fr\/wp-content\/uploads\/2024\/10\/image001-1.png 350w, https:\/\/www.terredemilpa.fr\/wp-content\/uploads\/2024\/10\/image001-1-300x202.png 300w\" sizes=\"auto, (max-width: 350px) 100vw, 350px\" \/><\/figure>\n<\/div>\n\n\n\n<div class=\"wp-block-column is-layout-flow wp-block-column-is-layout-flow\">\n<figure class=\"wp-block-image aligncenter size-full is-resized\"><img loading=\"lazy\" decoding=\"async\" width=\"600\" height=\"400\" src=\"https:\/\/www.terredemilpa.fr\/wp-content\/uploads\/2024\/10\/Sans-titre-17.png\" alt=\"\" class=\"wp-image-97\" style=\"width:401px;height:auto\" srcset=\"https:\/\/www.terredemilpa.fr\/wp-content\/uploads\/2024\/10\/Sans-titre-17.png 600w, https:\/\/www.terredemilpa.fr\/wp-content\/uploads\/2024\/10\/Sans-titre-17-300x200.png 300w\" sizes=\"auto, (max-width: 600px) 100vw, 600px\" \/><\/figure>\n<\/div>\n<\/div>\n\n\n\n<div class=\"wp-block-columns is-layout-flex wp-container-core-columns-is-layout-28f84493 wp-block-columns-is-layout-flex\">\n<div class=\"wp-block-column is-layout-flow wp-block-column-is-layout-flow\">\n<div style=\"height:57px\" aria-hidden=\"true\" class=\"wp-block-spacer\"><\/div>\n\n\n\n<h3 class=\"wp-block-heading has-text-align-center\">La Terre de Milpa c&rsquo;est aussi et surtout un lieu de bienveillance et de respect de chacun.e<\/h3>\n\n\n\n<p>Un lieu, ou plut\u00f4t un projet tout entier o\u00f9 la communication, l&rsquo;organisation et la gouvernance sont r\u00e9fl\u00e9chis, permettent des espaces d&rsquo;autonomie cr\u00e9ative et donnent des outils concrets pour favoriser des relations humaines respectueuses des besoins et d&rsquo;expression de chacun.e. Parmi ces outils se trouvent la communication non violente et la sociocratie.<\/p>\n\n\n\n<div style=\"height:79px\" aria-hidden=\"true\" class=\"wp-block-spacer\"><\/div>\n\n\n\n<h2 class=\"wp-block-heading\">La Milpa<\/h2>\n<\/div>\n<\/div>\n\n\n\n<p>Dans le domaine des plantes compagnes (cultures associ\u00e9es), l\u2019association traditionnelle de 3 cultures diff\u00e9rentes dites de la Milpa aussi appel\u00e9e les \u00ab\u00a03 s\u0153urs\u00a0\u00bb est un grand classique de l\u2019agriculture am\u00e9rindienne : le Ma\u00efs, le Haricot grimpant et la Courge. La Milpa fait ainsi r\u00e9f\u00e9rence \u00e0 la fois \u00e0 une technique agricole utilis\u00e9e en agro\u00e9cologie et \u00e0 la sororit\u00e9 du projet<\/p>\n\n\n\n<p><\/p>\n\n\n\n<p class=\"dm_justify;\"><\/p>\n\n\n\n<h3 class=\"wp-block-heading\">O\u00f9 nous trouver ?<\/h3>\n\n\n\n<div class=\"wp-block-media-text is-stacked-on-mobile\" style=\"grid-template-columns:48% auto\"><figure class=\"wp-block-media-text__media\"><img loading=\"lazy\" decoding=\"async\" width=\"1024\" height=\"500\" src=\"https:\/\/www.terredemilpa.fr\/wp-content\/uploads\/2024\/10\/Site_Header.png\" alt=\"\" class=\"wp-image-14 size-full\" srcset=\"https:\/\/www.terredemilpa.fr\/wp-content\/uploads\/2024\/10\/Site_Header.png 1024w, https:\/\/www.terredemilpa.fr\/wp-content\/uploads\/2024\/10\/Site_Header-300x146.png 300w, https:\/\/www.terredemilpa.fr\/wp-content\/uploads\/2024\/10\/Site_Header-768x375.png 768w\" sizes=\"auto, (max-width: 1024px) 100vw, 1024px\" \/><\/figure><div class=\"wp-block-media-text__content\">\n<p>Le projet Terre de Milpa s&rsquo;inscrit sur le territoire des Monts-d&rsquo;Or, \u00e0 quelques kilom\u00e8tres seulement de Lyon. <\/p>\n\n\n\n<p>La ferme se trouve : 13 Chemin Fr\u00e9d\u00e9ric Roman, 69370 Saint-Didier-au-Mont-d&rsquo;Or<\/p>\n\n\n\n<p>Nous vous accueillerons avec plaisir lors de nos journ\u00e9es portes ouvertes ou pour les ventes \u00e0 la ferme (voir \u00e9v\u00e9nements et dates d&rsquo;ouverture au public sur nos r\u00e9seaux sociaux).<\/p>\n\n\n\n<details class=\"wp-block-details is-layout-flow wp-block-details-is-layout-flow\"><summary>Acc\u00e8s \u00e0 la ferme <\/summary>\n<p>Depuis Gare de Vaise par le bus 22 (direction St Fortunat) ou bus 23 (direction Rocade des Monts d\u2019Or) ou bus 84 (direction Neuville) \u2013 Arr\u00eat Saint Didier \u00c9glise. La ferme se situe \u00e0 moins de 10 min \u00e0 pied de l\u2019arr\u00eat de St Didier \u00c9glise.<\/p>\n\n\n\n<p>La ferme disposant d&rsquo;un petit parking, celui-ci est r\u00e9serv\u00e9 aux personnes \u00e0 mobilit\u00e9 r\u00e9duite. Cinq parkings en centre-ville se situent \u00e0 moins de 10 min \u00e0 pied.<\/p>\n<\/details>\n<\/div><\/div>\n\n\n\n<div style=\"height:70px\" aria-hidden=\"true\" class=\"wp-block-spacer\"><\/div>\n\n\n\n<h2 class=\"wp-block-heading has-text-align-center dm_justify;\">Vous souhaitez soutenir l&rsquo;action de Terre de Milpa ?<\/h2>\n\n\n\n<div class=\"wp-block-buttons is-content-justification-center is-layout-flex wp-container-core-buttons-is-layout-a89b3969 wp-block-buttons-is-layout-flex\">\n<div class=\"wp-block-button\"><a class=\"wp-block-button__link wp-element-button\" href=\"https:\/\/www.helloasso.com\/associations\/terre-de-milpa\" target=\"_blank\" rel=\"noreferrer noopener\">Adh\u00e9rer \u00e0 l&rsquo;association<\/a><\/div>\n\n\n\n<div class=\"wp-block-button\"><a class=\"wp-block-button__link wp-element-button\" href=\"https:\/\/www.helloasso.com\/associations\/terre-de-milpa\/formulaires\/2\" target=\"_blank\" rel=\"noreferrer noopener\">Faire un don \u00e0 l&rsquo;association<\/a><\/div>\n<\/div>\n\n\n\n<div style=\"height:94px\" aria-hidden=\"true\" class=\"wp-block-spacer\"><\/div>\n\n\n<style type=\"text\/css\">.zoom-instagram.feed-432{font-size:14px!important;padding:1px!important;}.zoom-instagram.feed-432 .zoom-instagram-widget__items{display:grid!important;grid-template-columns:repeat(3,1fr);}.zoom-instagram.feed-432 .zoom-instagram-widget__items{gap:10px!important;}<\/style>\n<div class=\"zoom-instagram feed-432 aligncenter layout-grid columns-3 with-lightbox spacing-10 perpage-3\"><header class=\"zoom-instagram-widget__header\"><div class=\"zoom-instagram-widget__header-column-left\"><img decoding=\"async\" src=\"https:\/\/www.terredemilpa.fr\/wp-content\/uploads\/2025\/05\/194323916_890662334996486_2510662165276911902_n-150x150.jpg\" alt=\"@terredemilpa\" width=\"70\" \/><\/div><div class=\"zoom-instagram-widget__header-column-right\"><h5 class=\"zoom-instagram-widget__header-name\">Terre De Milpa<\/h5><p class=\"zoom-instagram-widget__header-user\"><a href=\"https:\/\/www.instagram.com\/terredemilpa\" target=\"_blank\" rel=\"nofollow\">@terredemilpa<\/a><\/p><div class=\"zoom-instagram-widget__header-bio\">&#x1f96c; Association Chantier d&#039;insertion par le mara\u00eechage bio &#x1f4cd;Lyon &#x1f331; D\u00e9veloppement et promotion de l&#039;agro\u00e9cologie pour les femmes<\/div><\/div><\/header><div class=\"zoom-instagram-widget__items-wrapper\"><ul class=\"zoom-instagram-widget__items zoom-instagram-widget__items--no-js layout-grid\" data-layout=\"grid\" data-lightbox=\"1\" data-spacing=\"10\" data-perpage=\"3\"><li class=\"zoom-instagram-widget__item media-icons-normal media-icons-hover\" data-media-type=\"image\"><div class=\"zoom-instagram-widget__item-inner-wrap\"><img class=\"zoom-instagram-link zoom-instagram-link-new\"  data-src=\"https:\/\/www.terredemilpa.fr\/wp-content\/uploads\/2024\/10\/685120476_1285574030383374_92299949245092947_n-640x360.jpg\" data-mfp-src=\"18077890895544717\" width=\"640\" height=\"360\" alt=\"\ud83e\udd55 Les paniers de la semaine !\n\nChaque semaine votre panier est une invitation \u00e0 c\u00e9l\u00e9brer la saison avec des l\u00e9gumes bio, locaux, de saison et solidaires !\n\nEn ce moment dans vos paniers :\n- Navet primeur\n- Courgette fra\u00eeche \n- Velout\u00e9 tomates &amp; courgettes\n- Chou vert\n- Oignon rouge de conservation\n- Salade croquante\n- Radis\n\nNos paniers, disponibles en abonnement (petit, moyen et grand format), sont pr\u00e9par\u00e9s avec les r\u00e9coltes du moment : des produits frais, color\u00e9s et pleins de go\u00fbt \n\n\ud83c\udf31Chaque panier soutient une agriculture agro\u00e9cologique et un projet solidaire qui accompagne des personnes en parcours d\u2019insertion.\n\n#TerreDeMilpa #L\u00e9gumes #Bio #Agro\u00e9cologie #Lyon\" \/><div class=\"hover-layout zoom-instagram-widget__overlay zoom-instagram-widget__black \"><div class=\"zoom-instagram-icon-wrap\"><a class=\"zoom-svg-instagram-stroke\" href=\"https:\/\/www.instagram.com\/p\/DXwtVXGDD9W\/\" rel=\"noopener nofollow\" target=\"_blank\" title=\"\ud83e\udd55 Les paniers de la semaine !\n\nChaque semaine votre panier est une invitation \u00e0 c\u00e9l\u00e9brer la saison avec des l\u00e9gumes bio, locaux, de saison et solidaires !\n\nEn ce moment dans vos paniers :\n- Navet primeur\n- Courgette fra\u00eeche \n- Velout\u00e9 tomates &amp; courgettes\n- Chou vert\n- Oignon rouge de conservation\n- Salade croquante\n- Radis\n\nNos paniers, disponibles en abonnement (petit, moyen et grand format), sont pr\u00e9par\u00e9s avec les r\u00e9coltes du moment : des produits frais, color\u00e9s et pleins de go\u00fbt \n\n\ud83c\udf31Chaque panier soutient une agriculture agro\u00e9cologique et un projet solidaire qui accompagne des personnes en parcours d\u2019insertion.\n\n#TerreDeMilpa #L\u00e9gumes #Bio #Agro\u00e9cologie #Lyon\"><\/a><\/div><a class=\"zoom-instagram-link\" data-src=\"https:\/\/www.terredemilpa.fr\/wp-content\/uploads\/2024\/10\/685120476_1285574030383374_92299949245092947_n-640x360.jpg\" data-mfp-src=\"18077890895544717\" href=\"https:\/\/www.instagram.com\/p\/DXwtVXGDD9W\/\" target=\"_blank\" rel=\"noopener nofollow\" title=\"\ud83e\udd55 Les paniers de la semaine !\n\nChaque semaine votre panier est une invitation \u00e0 c\u00e9l\u00e9brer la saison avec des l\u00e9gumes bio, locaux, de saison et solidaires !\n\nEn ce moment dans vos paniers :\n- Navet primeur\n- Courgette fra\u00eeche \n- Velout\u00e9 tomates &amp; courgettes\n- Chou vert\n- Oignon rouge de conservation\n- Salade croquante\n- Radis\n\nNos paniers, disponibles en abonnement (petit, moyen et grand format), sont pr\u00e9par\u00e9s avec les r\u00e9coltes du moment : des produits frais, color\u00e9s et pleins de go\u00fbt \n\n\ud83c\udf31Chaque panier soutient une agriculture agro\u00e9cologique et un projet solidaire qui accompagne des personnes en parcours d\u2019insertion.\n\n#TerreDeMilpa #L\u00e9gumes #Bio #Agro\u00e9cologie #Lyon\"><\/a><\/div><\/div><\/li><li class=\"zoom-instagram-widget__item media-icons-normal media-icons-hover\" data-media-type=\"image\"><div class=\"zoom-instagram-widget__item-inner-wrap\"><img class=\"zoom-instagram-link zoom-instagram-link-new\"  data-src=\"https:\/\/www.terredemilpa.fr\/wp-content\/uploads\/2024\/10\/670870547_18089502962605917_4125221735036473298_n-640x640.jpg\" data-mfp-src=\"18079047434434997\" width=\"640\" height=\"640\" alt=\"\ud83c\udf3b Retrouvez Terre de Milpa au March\u00e9 aux Fleurs et aux saveurs de Saint-Dider-au-Mont-d&#039;Or !\n\nD\u00e9couvrez l&#039;association, notre production de l\u00e9gumes bio &amp; locaux, nos postes ouverts en insertion... et nos plans de l\u00e9gumes!\n\nRDV le 1er mai de 9h \u00e0 18h au coll\u00e8ge Fromente St Fran\u00e7ois : 1 Rte de Champagne, 69370 Saint-Didier-au-Mont-d&#039;Or.\n\n#association #stdidieraumontdor #1ermai #fetedesfleurs\" \/><div class=\"hover-layout zoom-instagram-widget__overlay zoom-instagram-widget__black \"><div class=\"zoom-instagram-icon-wrap\"><a class=\"zoom-svg-instagram-stroke\" href=\"https:\/\/www.instagram.com\/p\/DXWENKpDMrD\/\" rel=\"noopener nofollow\" target=\"_blank\" title=\"\ud83c\udf3b Retrouvez Terre de Milpa au March\u00e9 aux Fleurs et aux saveurs de Saint-Dider-au-Mont-d&#039;Or !\n\nD\u00e9couvrez l&#039;association, notre production de l\u00e9gumes bio &amp; locaux, nos postes ouverts en insertion... et nos plans de l\u00e9gumes!\n\nRDV le 1er mai de 9h \u00e0 18h au coll\u00e8ge Fromente St Fran\u00e7ois : 1 Rte de Champagne, 69370 Saint-Didier-au-Mont-d&#039;Or.\n\n#association #stdidieraumontdor #1ermai #fetedesfleurs\"><\/a><\/div><a class=\"zoom-instagram-link\" data-src=\"https:\/\/www.terredemilpa.fr\/wp-content\/uploads\/2024\/10\/670870547_18089502962605917_4125221735036473298_n-640x640.jpg\" data-mfp-src=\"18079047434434997\" href=\"https:\/\/www.instagram.com\/p\/DXWENKpDMrD\/\" target=\"_blank\" rel=\"noopener nofollow\" title=\"\ud83c\udf3b Retrouvez Terre de Milpa au March\u00e9 aux Fleurs et aux saveurs de Saint-Dider-au-Mont-d&#039;Or !\n\nD\u00e9couvrez l&#039;association, notre production de l\u00e9gumes bio &amp; locaux, nos postes ouverts en insertion... et nos plans de l\u00e9gumes!\n\nRDV le 1er mai de 9h \u00e0 18h au coll\u00e8ge Fromente St Fran\u00e7ois : 1 Rte de Champagne, 69370 Saint-Didier-au-Mont-d&#039;Or.\n\n#association #stdidieraumontdor #1ermai #fetedesfleurs\"><\/a><\/div><\/div><\/li><li class=\"zoom-instagram-widget__item media-icons-normal media-icons-hover\" data-media-type=\"video\"><div class=\"zoom-instagram-widget__item-inner-wrap\"><img class=\"zoom-instagram-link zoom-instagram-link-new\"  data-src=\"https:\/\/www.terredemilpa.fr\/wp-content\/uploads\/2024\/10\/642510779_1117632330437594_3109174282715581824_n-512x640.jpg\" data-mfp-src=\"18511012264073185\" width=\"512\" height=\"640\" alt=\"C&#039;est insens\u00e9 de croire qu&#039;on peut encore changer le monde, et pourtant, chez Emma\u00fcs, on est 40 000 \u00e0 le faire.\n\r\nPour d\u00e9couvrir nos activit\u00e9s et notre impact\r\ninsens\u00e9s, rendez-vous sur emmaus-france.org !\" \/><div class=\"hover-layout zoom-instagram-widget__overlay zoom-instagram-widget__black \"><svg class=\"svg-icon\" shape-rendering=\"geometricPrecision\"><use xlink:href=\"https:\/\/www.terredemilpa.fr\/wp-content\/plugins\/instagram-widget-by-wpzoom\/dist\/images\/frontend\/wpzoom-instagram-icons.svg#video\"><\/use><\/svg><div class=\"zoom-instagram-icon-wrap\"><a class=\"zoom-svg-instagram-stroke\" href=\"https:\/\/www.instagram.com\/reel\/DV0Z6-VDp1-\/\" rel=\"noopener nofollow\" target=\"_blank\" title=\"C&#039;est insens\u00e9 de croire qu&#039;on peut encore changer le monde, et pourtant, chez Emma\u00fcs, on est 40 000 \u00e0 le faire.\n\r\nPour d\u00e9couvrir nos activit\u00e9s et notre impact\r\ninsens\u00e9s, rendez-vous sur emmaus-france.org !\"><\/a><\/div><a class=\"zoom-instagram-link\" data-src=\"https:\/\/www.terredemilpa.fr\/wp-content\/uploads\/2024\/10\/642510779_1117632330437594_3109174282715581824_n-512x640.jpg\" data-mfp-src=\"18511012264073185\" href=\"https:\/\/www.instagram.com\/reel\/DV0Z6-VDp1-\/\" target=\"_blank\" rel=\"noopener nofollow\" title=\"C&#039;est insens\u00e9 de croire qu&#039;on peut encore changer le monde, et pourtant, chez Emma\u00fcs, on est 40 000 \u00e0 le faire.\n\r\nPour d\u00e9couvrir nos activit\u00e9s et notre impact\r\ninsens\u00e9s, rendez-vous sur emmaus-france.org !\"><\/a><\/div><\/div><\/li><li class=\"zoom-instagram-widget__item media-icons-normal media-icons-hover\" data-media-type=\"carousel_album\"><div class=\"zoom-instagram-widget__item-inner-wrap\"><img class=\"zoom-instagram-link zoom-instagram-link-new\"  data-src=\"https:\/\/www.terredemilpa.fr\/wp-content\/uploads\/2024\/10\/650066933_1246222900985154_4932716945654992765_n-480x640.jpg\" data-mfp-src=\"17869738689568779\" width=\"480\" height=\"640\" alt=\"\ud83c\udf31 Quelques rayons de soleil et hop : ce sont d\u00e9j\u00e0 les courgettes qui pointent le bout de leurs feuilles !\n\nCes derniers jours les terres milpa\u00efennes en ont vu de toutes les couleurs : \n\ud83d\udfe9 du vert, avec ces tous jeunes plants de courgettes\n\ud83d\udfe8 de l&#039;or, dans le compost agr\u00e9ment\u00e9 de larves de c\u00e9toine dor\u00e9es\n\ud83d\udfe6 du bleu, gr\u00e2ce \u00e0 un nouvel outil, fait maison \u00e0 @latelier.paysan de Renage : une houe mara\u00eech\u00e8re avec butoir\n\nLe printemps arrive, les terres se parent et se pr\u00e9parent, pour le plus grand plaisir de toute l&#039;\u00e9quipe Terre de Milpa et des gourmand.es impatient.es !\n\n#ferme #agriculturedurable #agroe\u0301cologie #fermeinsertion\" \/><div class=\"hover-layout zoom-instagram-widget__overlay zoom-instagram-widget__black \"><svg class=\"svg-icon\" shape-rendering=\"geometricPrecision\"><use xlink:href=\"https:\/\/www.terredemilpa.fr\/wp-content\/plugins\/instagram-widget-by-wpzoom\/dist\/images\/frontend\/wpzoom-instagram-icons.svg#carousel_album\"><\/use><\/svg><div class=\"zoom-instagram-icon-wrap\"><a class=\"zoom-svg-instagram-stroke\" href=\"https:\/\/www.instagram.com\/p\/DVwD43zDC3b\/\" rel=\"noopener nofollow\" target=\"_blank\" title=\"\ud83c\udf31 Quelques rayons de soleil et hop : ce sont d\u00e9j\u00e0 les courgettes qui pointent le bout de leurs feuilles !\n\nCes derniers jours les terres milpa\u00efennes en ont vu de toutes les couleurs : \n\ud83d\udfe9 du vert, avec ces tous jeunes plants de courgettes\n\ud83d\udfe8 de l&#039;or, dans le compost agr\u00e9ment\u00e9 de larves de c\u00e9toine dor\u00e9es\n\ud83d\udfe6 du bleu, gr\u00e2ce \u00e0 un nouvel outil, fait maison \u00e0 @latelier.paysan de Renage : une houe mara\u00eech\u00e8re avec butoir\n\nLe printemps arrive, les terres se parent et se pr\u00e9parent, pour le plus grand plaisir de toute l&#039;\u00e9quipe Terre de Milpa et des gourmand.es impatient.es !\n\n#ferme #agriculturedurable #agroe\u0301cologie #fermeinsertion\"><\/a><\/div><a class=\"zoom-instagram-link\" data-src=\"https:\/\/www.terredemilpa.fr\/wp-content\/uploads\/2024\/10\/650066933_1246222900985154_4932716945654992765_n-480x640.jpg\" data-mfp-src=\"17869738689568779\" href=\"https:\/\/www.instagram.com\/p\/DVwD43zDC3b\/\" target=\"_blank\" rel=\"noopener nofollow\" title=\"\ud83c\udf31 Quelques rayons de soleil et hop : ce sont d\u00e9j\u00e0 les courgettes qui pointent le bout de leurs feuilles !\n\nCes derniers jours les terres milpa\u00efennes en ont vu de toutes les couleurs : \n\ud83d\udfe9 du vert, avec ces tous jeunes plants de courgettes\n\ud83d\udfe8 de l&#039;or, dans le compost agr\u00e9ment\u00e9 de larves de c\u00e9toine dor\u00e9es\n\ud83d\udfe6 du bleu, gr\u00e2ce \u00e0 un nouvel outil, fait maison \u00e0 @latelier.paysan de Renage : une houe mara\u00eech\u00e8re avec butoir\n\nLe printemps arrive, les terres se parent et se pr\u00e9parent, pour le plus grand plaisir de toute l&#039;\u00e9quipe Terre de Milpa et des gourmand.es impatient.es !\n\n#ferme #agriculturedurable #agroe\u0301cologie #fermeinsertion\"><\/a><\/div><\/div><\/li><li class=\"zoom-instagram-widget__item media-icons-normal media-icons-hover\" data-media-type=\"video\"><div class=\"zoom-instagram-widget__item-inner-wrap\"><img class=\"zoom-instagram-link zoom-instagram-link-new\"  data-src=\"https:\/\/www.terredemilpa.fr\/wp-content\/uploads\/2024\/10\/640440465_1593341581813868_266931197965275977_n-512x640.jpg\" data-mfp-src=\"18096225352965066\" width=\"512\" height=\"640\" alt=\"C&#039;est insens\u00e9 de croire qu&#039;on peut encore changer le monde, et pourtant, chez Emma\u00fcs, on est 40 000 \u00e0 le faire.\n\r\nPour d\u00e9couvrir nos activit\u00e9s et notre impact\r\ninsens\u00e9s, rendez-vous sur emmaus-france.org !\" \/><div class=\"hover-layout zoom-instagram-widget__overlay zoom-instagram-widget__black \"><svg class=\"svg-icon\" shape-rendering=\"geometricPrecision\"><use xlink:href=\"https:\/\/www.terredemilpa.fr\/wp-content\/plugins\/instagram-widget-by-wpzoom\/dist\/images\/frontend\/wpzoom-instagram-icons.svg#video\"><\/use><\/svg><div class=\"zoom-instagram-icon-wrap\"><a class=\"zoom-svg-instagram-stroke\" href=\"https:\/\/www.instagram.com\/reel\/DViYV2hDq1e\/\" rel=\"noopener nofollow\" target=\"_blank\" title=\"C&#039;est insens\u00e9 de croire qu&#039;on peut encore changer le monde, et pourtant, chez Emma\u00fcs, on est 40 000 \u00e0 le faire.\n\r\nPour d\u00e9couvrir nos activit\u00e9s et notre impact\r\ninsens\u00e9s, rendez-vous sur emmaus-france.org !\"><\/a><\/div><a class=\"zoom-instagram-link\" data-src=\"https:\/\/www.terredemilpa.fr\/wp-content\/uploads\/2024\/10\/640440465_1593341581813868_266931197965275977_n-512x640.jpg\" data-mfp-src=\"18096225352965066\" href=\"https:\/\/www.instagram.com\/reel\/DViYV2hDq1e\/\" target=\"_blank\" rel=\"noopener nofollow\" title=\"C&#039;est insens\u00e9 de croire qu&#039;on peut encore changer le monde, et pourtant, chez Emma\u00fcs, on est 40 000 \u00e0 le faire.\n\r\nPour d\u00e9couvrir nos activit\u00e9s et notre impact\r\ninsens\u00e9s, rendez-vous sur emmaus-france.org !\"><\/a><\/div><\/div><\/li><li class=\"zoom-instagram-widget__item media-icons-normal media-icons-hover\" data-media-type=\"carousel_album\"><div class=\"zoom-instagram-widget__item-inner-wrap\"><img class=\"zoom-instagram-link zoom-instagram-link-new\"  data-src=\"https:\/\/www.terredemilpa.fr\/wp-content\/uploads\/2024\/10\/642128248_18082326272605917_5493855245573700969_n-640x640.jpg\" data-mfp-src=\"17867029482574325\" width=\"640\" height=\"640\" alt=\"A la recherche d&#039;un stage de 6 mois plein de sens pour valider ton M2 ?\n\nCa tombe bien, l&#039;\u00e9quipe Terre de Milpa recherche un.e \u00e9tudiant.e de Master 2 polyvalent.e, motiv\u00e9.e et curieux.se, qui partage ses valeurs et qui souhaite s&#039;investir dans un projet agro\u00e9cologique et solidaire\n\nL&#039;annonce compl\u00e8te est disponible ici \ud83d\udc46\ud83c\udfff\ud83d\udc46\ud83c\udffe\ud83d\udc46\n\n#recrutement #stage #master\" \/><div class=\"hover-layout zoom-instagram-widget__overlay zoom-instagram-widget__black \"><svg class=\"svg-icon\" shape-rendering=\"geometricPrecision\"><use xlink:href=\"https:\/\/www.terredemilpa.fr\/wp-content\/plugins\/instagram-widget-by-wpzoom\/dist\/images\/frontend\/wpzoom-instagram-icons.svg#carousel_album\"><\/use><\/svg><div class=\"zoom-instagram-icon-wrap\"><a class=\"zoom-svg-instagram-stroke\" href=\"https:\/\/www.instagram.com\/p\/DVVZa8TjMsJ\/\" rel=\"noopener nofollow\" target=\"_blank\" title=\"A la recherche d&#039;un stage de 6 mois plein de sens pour valider ton M2 ?\n\nCa tombe bien, l&#039;\u00e9quipe Terre de Milpa recherche un.e \u00e9tudiant.e de Master 2 polyvalent.e, motiv\u00e9.e et curieux.se, qui partage ses valeurs et qui souhaite s&#039;investir dans un projet agro\u00e9cologique et solidaire\n\nL&#039;annonce compl\u00e8te est disponible ici \ud83d\udc46\ud83c\udfff\ud83d\udc46\ud83c\udffe\ud83d\udc46\n\n#recrutement #stage #master\"><\/a><\/div><a class=\"zoom-instagram-link\" data-src=\"https:\/\/www.terredemilpa.fr\/wp-content\/uploads\/2024\/10\/642128248_18082326272605917_5493855245573700969_n-640x640.jpg\" data-mfp-src=\"17867029482574325\" href=\"https:\/\/www.instagram.com\/p\/DVVZa8TjMsJ\/\" target=\"_blank\" rel=\"noopener nofollow\" title=\"A la recherche d&#039;un stage de 6 mois plein de sens pour valider ton M2 ?\n\nCa tombe bien, l&#039;\u00e9quipe Terre de Milpa recherche un.e \u00e9tudiant.e de Master 2 polyvalent.e, motiv\u00e9.e et curieux.se, qui partage ses valeurs et qui souhaite s&#039;investir dans un projet agro\u00e9cologique et solidaire\n\nL&#039;annonce compl\u00e8te est disponible ici \ud83d\udc46\ud83c\udfff\ud83d\udc46\ud83c\udffe\ud83d\udc46\n\n#recrutement #stage #master\"><\/a><\/div><\/div><\/li><li class=\"zoom-instagram-widget__item media-icons-normal media-icons-hover\" data-media-type=\"video\"><div class=\"zoom-instagram-widget__item-inner-wrap\"><img class=\"zoom-instagram-link zoom-instagram-link-new\"  data-src=\"https:\/\/www.terredemilpa.fr\/wp-content\/uploads\/2024\/10\/641779275_956692570028129_7760672985791820028_n-512x640.jpg\" data-mfp-src=\"18123266839568843\" width=\"512\" height=\"640\" alt=\"C&#039;est insens\u00e9 de croire qu&#039;on peut encore changer le monde, et pourtant, chez Emma\u00fcs - @emmausfrance, on est 40 000 \u00e0 le faire.\n\r\nPour d\u00e9couvrir nos activit\u00e9s et notre impact\r\ninsens\u00e9s, rendez-vous sur emmaus-france.org !\n\nTerre de Milpa est fi\u00e8re et heureuse de faire partie du R\u00e9seau Emma\u00fcs.\" \/><div class=\"hover-layout zoom-instagram-widget__overlay zoom-instagram-widget__black \"><svg class=\"svg-icon\" shape-rendering=\"geometricPrecision\"><use xlink:href=\"https:\/\/www.terredemilpa.fr\/wp-content\/plugins\/instagram-widget-by-wpzoom\/dist\/images\/frontend\/wpzoom-instagram-icons.svg#video\"><\/use><\/svg><div class=\"zoom-instagram-icon-wrap\"><a class=\"zoom-svg-instagram-stroke\" href=\"https:\/\/www.instagram.com\/reel\/DVQWt-sjmLu\/\" rel=\"noopener nofollow\" target=\"_blank\" title=\"C&#039;est insens\u00e9 de croire qu&#039;on peut encore changer le monde, et pourtant, chez Emma\u00fcs - @emmausfrance, on est 40 000 \u00e0 le faire.\n\r\nPour d\u00e9couvrir nos activit\u00e9s et notre impact\r\ninsens\u00e9s, rendez-vous sur emmaus-france.org !\n\nTerre de Milpa est fi\u00e8re et heureuse de faire partie du R\u00e9seau Emma\u00fcs.\"><\/a><\/div><a class=\"zoom-instagram-link\" data-src=\"https:\/\/www.terredemilpa.fr\/wp-content\/uploads\/2024\/10\/641779275_956692570028129_7760672985791820028_n-512x640.jpg\" data-mfp-src=\"18123266839568843\" href=\"https:\/\/www.instagram.com\/reel\/DVQWt-sjmLu\/\" target=\"_blank\" rel=\"noopener nofollow\" title=\"C&#039;est insens\u00e9 de croire qu&#039;on peut encore changer le monde, et pourtant, chez Emma\u00fcs - @emmausfrance, on est 40 000 \u00e0 le faire.\n\r\nPour d\u00e9couvrir nos activit\u00e9s et notre impact\r\ninsens\u00e9s, rendez-vous sur emmaus-france.org !\n\nTerre de Milpa est fi\u00e8re et heureuse de faire partie du R\u00e9seau Emma\u00fcs.\"><\/a><\/div><\/div><\/li><li class=\"zoom-instagram-widget__item media-icons-normal media-icons-hover\" data-media-type=\"carousel_album\"><div class=\"zoom-instagram-widget__item-inner-wrap\"><img class=\"zoom-instagram-link zoom-instagram-link-new\"  data-src=\"https:\/\/www.terredemilpa.fr\/wp-content\/uploads\/2024\/10\/642133902_18082320698605917_1291338136901818068_n-640x640.jpg\" data-mfp-src=\"18101182879910014\" width=\"640\" height=\"640\" alt=\"Ce week-end la 40ieme \u00e9dition des Rencontres des alternatives \u00e9cologiques et sociales @assoprimevere  battait son plein !\n\nEn plus de belles rencontres et de supers initiatives aux d\u00e9tours des all\u00e9es, Terre de Milpa \u00e9tait convi\u00e9 \u00e0 participer \u00e0 une table ronde : &quot;Fermes collectives pour sortir de l&#039;agro-industrie&quot;, aux c\u00f4t\u00e9s de Lola Keraron, Nicolas Gohier de La clef des sables et des Greniers des Soul\u00e8vements de la Terre.\n\nLe propos : produire sans surexploiter ni les corps ni la terre implique d&#039;installer massivement de nouvelles et nouveaux agriculteur rices et de partager l&#039;acces au foncier. \u00c0 travers trois exp\u00e9riences locales de fermes coop\u00e9ratives, d&#039;insertion ou de ravitaillement des luttes, cette table ronde a ouvert des perspectives concr\u00e8tes et porteuses d&#039;espoir !\n\n#primev\u00e8res #rencontreprimeveres #ferme #fermecollective #collectif\" \/><div class=\"hover-layout zoom-instagram-widget__overlay zoom-instagram-widget__black \"><svg class=\"svg-icon\" shape-rendering=\"geometricPrecision\"><use xlink:href=\"https:\/\/www.terredemilpa.fr\/wp-content\/plugins\/instagram-widget-by-wpzoom\/dist\/images\/frontend\/wpzoom-instagram-icons.svg#carousel_album\"><\/use><\/svg><div class=\"zoom-instagram-icon-wrap\"><a class=\"zoom-svg-instagram-stroke\" href=\"https:\/\/www.instagram.com\/p\/DVMj6EijM-5\/\" rel=\"noopener nofollow\" target=\"_blank\" title=\"Ce week-end la 40ieme \u00e9dition des Rencontres des alternatives \u00e9cologiques et sociales @assoprimevere  battait son plein !\n\nEn plus de belles rencontres et de supers initiatives aux d\u00e9tours des all\u00e9es, Terre de Milpa \u00e9tait convi\u00e9 \u00e0 participer \u00e0 une table ronde : &quot;Fermes collectives pour sortir de l&#039;agro-industrie&quot;, aux c\u00f4t\u00e9s de Lola Keraron, Nicolas Gohier de La clef des sables et des Greniers des Soul\u00e8vements de la Terre.\n\nLe propos : produire sans surexploiter ni les corps ni la terre implique d&#039;installer massivement de nouvelles et nouveaux agriculteur rices et de partager l&#039;acces au foncier. \u00c0 travers trois exp\u00e9riences locales de fermes coop\u00e9ratives, d&#039;insertion ou de ravitaillement des luttes, cette table ronde a ouvert des perspectives concr\u00e8tes et porteuses d&#039;espoir !\n\n#primev\u00e8res #rencontreprimeveres #ferme #fermecollective #collectif\"><\/a><\/div><a class=\"zoom-instagram-link\" data-src=\"https:\/\/www.terredemilpa.fr\/wp-content\/uploads\/2024\/10\/642133902_18082320698605917_1291338136901818068_n-640x640.jpg\" data-mfp-src=\"18101182879910014\" href=\"https:\/\/www.instagram.com\/p\/DVMj6EijM-5\/\" target=\"_blank\" rel=\"noopener nofollow\" title=\"Ce week-end la 40ieme \u00e9dition des Rencontres des alternatives \u00e9cologiques et sociales @assoprimevere  battait son plein !\n\nEn plus de belles rencontres et de supers initiatives aux d\u00e9tours des all\u00e9es, Terre de Milpa \u00e9tait convi\u00e9 \u00e0 participer \u00e0 une table ronde : &quot;Fermes collectives pour sortir de l&#039;agro-industrie&quot;, aux c\u00f4t\u00e9s de Lola Keraron, Nicolas Gohier de La clef des sables et des Greniers des Soul\u00e8vements de la Terre.\n\nLe propos : produire sans surexploiter ni les corps ni la terre implique d&#039;installer massivement de nouvelles et nouveaux agriculteur rices et de partager l&#039;acces au foncier. \u00c0 travers trois exp\u00e9riences locales de fermes coop\u00e9ratives, d&#039;insertion ou de ravitaillement des luttes, cette table ronde a ouvert des perspectives concr\u00e8tes et porteuses d&#039;espoir !\n\n#primev\u00e8res #rencontreprimeveres #ferme #fermecollective #collectif\"><\/a><\/div><\/div><\/li><li class=\"zoom-instagram-widget__item media-icons-normal media-icons-hover\" data-media-type=\"carousel_album\"><div class=\"zoom-instagram-widget__item-inner-wrap\"><img class=\"zoom-instagram-link zoom-instagram-link-new\"  data-src=\"https:\/\/www.terredemilpa.fr\/wp-content\/uploads\/2024\/10\/634207724_1224733019800809_4684000508204827250_n-640x637.jpg\" data-mfp-src=\"18558366538036996\" width=\"640\" height=\"637\" alt=\"\ud835\uddd8\ud835\uddfb\ud835\ude03\ud835\uddf6\ud835\uddf2 \ud835\uddf1\u2019\ud835\ude02\ud835\uddfb\ud835\uddf2 \ud835\uddf7\ud835\uddfc\ud835\ude02\ud835\uddff\ud835\uddfb\ud835\uddf2\u0301\ud835\uddf2 \ud835\uddff\ud835\uddf6\ud835\uddf0\ud835\uddf5\ud835\uddf2 \ud835\uddf2\ud835\uddfb \ud835\uddff\ud835\uddf2\ud835\uddfb\ud835\uddf0\ud835\uddfc\ud835\uddfb\ud835\ude01\ud835\uddff\ud835\uddf2\ud835\ude00 \ud835\uddf2\ud835\ude01 \ud835\uddf2\ud835\uddfb \ud835\uddee\ud835\uddfd\ud835\uddfd\ud835\uddff\ud835\uddf2\ud835\uddfb\ud835\ude01\ud835\uddf6\ud835\ude00\ud835\ude00\ud835\uddee\ud835\uddf4\ud835\uddf2\ud835\ude00 ?\ud83c\udf31\nRejoignez-nous pour un chantier participatif ! \n\nUne fois par mois, nous nous retrouvons \u00e0 la ferme pour cultiver, bricoler, apprendre ensemble et partager un moment convivial. \nQue vous soyez d\u00e9butant.e ou expert.e, chaque coup de main compte !\n\nCe que nos habitu\u00e9.es aiment pendant les chantiers, c&#039;est :\n\ud83c\udf31 Mettre les mains dans la terre... et ressentir de l&#039;apaisement !\n\ud83e\udd1d Rencontrer des personnes engag\u00e9es... et se sentir accueilli.e !\n\ud83c\udf45 D\u00e9couvrir des pratiques agricoles respectueuses... et se sentir fier.e !\n\ud83c\udf7d\ufe0f Partager un repas convivial... et se r\u00e9galer dans la bonne humeur !\n\nProchaines dates : les dimanche 1er mars, 29 mars, 3 mai, 7 juin, et 7 juillet\nInscription et infos : coordination@terredemilpa.fr\n\nA bient\u00f4t sur les terres de milpa\u00efennes !\ud83e\udd55\n\n#ChantierParticipatif #AgricultureDurable #\u00c9cologie #Engagement #Permaculture #Communaut\u00e9\" \/><div class=\"hover-layout zoom-instagram-widget__overlay zoom-instagram-widget__black \"><svg class=\"svg-icon\" shape-rendering=\"geometricPrecision\"><use xlink:href=\"https:\/\/www.terredemilpa.fr\/wp-content\/plugins\/instagram-widget-by-wpzoom\/dist\/images\/frontend\/wpzoom-instagram-icons.svg#carousel_album\"><\/use><\/svg><div class=\"zoom-instagram-icon-wrap\"><a class=\"zoom-svg-instagram-stroke\" href=\"https:\/\/www.instagram.com\/p\/DUqiR_FgmR_\/\" rel=\"noopener nofollow\" target=\"_blank\" title=\"\ud835\uddd8\ud835\uddfb\ud835\ude03\ud835\uddf6\ud835\uddf2 \ud835\uddf1\u2019\ud835\ude02\ud835\uddfb\ud835\uddf2 \ud835\uddf7\ud835\uddfc\ud835\ude02\ud835\uddff\ud835\uddfb\ud835\uddf2\u0301\ud835\uddf2 \ud835\uddff\ud835\uddf6\ud835\uddf0\ud835\uddf5\ud835\uddf2 \ud835\uddf2\ud835\uddfb \ud835\uddff\ud835\uddf2\ud835\uddfb\ud835\uddf0\ud835\uddfc\ud835\uddfb\ud835\ude01\ud835\uddff\ud835\uddf2\ud835\ude00 \ud835\uddf2\ud835\ude01 \ud835\uddf2\ud835\uddfb \ud835\uddee\ud835\uddfd\ud835\uddfd\ud835\uddff\ud835\uddf2\ud835\uddfb\ud835\ude01\ud835\uddf6\ud835\ude00\ud835\ude00\ud835\uddee\ud835\uddf4\ud835\uddf2\ud835\ude00 ?\ud83c\udf31\nRejoignez-nous pour un chantier participatif ! \n\nUne fois par mois, nous nous retrouvons \u00e0 la ferme pour cultiver, bricoler, apprendre ensemble et partager un moment convivial. \nQue vous soyez d\u00e9butant.e ou expert.e, chaque coup de main compte !\n\nCe que nos habitu\u00e9.es aiment pendant les chantiers, c&#039;est :\n\ud83c\udf31 Mettre les mains dans la terre... et ressentir de l&#039;apaisement !\n\ud83e\udd1d Rencontrer des personnes engag\u00e9es... et se sentir accueilli.e !\n\ud83c\udf45 D\u00e9couvrir des pratiques agricoles respectueuses... et se sentir fier.e !\n\ud83c\udf7d\ufe0f Partager un repas convivial... et se r\u00e9galer dans la bonne humeur !\n\nProchaines dates : les dimanche 1er mars, 29 mars, 3 mai, 7 juin, et 7 juillet\nInscription et infos : coordination@terredemilpa.fr\n\nA bient\u00f4t sur les terres de milpa\u00efennes !\ud83e\udd55\n\n#ChantierParticipatif #AgricultureDurable #\u00c9cologie #Engagement #Permaculture #Communaut\u00e9\"><\/a><\/div><a class=\"zoom-instagram-link\" data-src=\"https:\/\/www.terredemilpa.fr\/wp-content\/uploads\/2024\/10\/634207724_1224733019800809_4684000508204827250_n-640x637.jpg\" data-mfp-src=\"18558366538036996\" href=\"https:\/\/www.instagram.com\/p\/DUqiR_FgmR_\/\" target=\"_blank\" rel=\"noopener nofollow\" title=\"\ud835\uddd8\ud835\uddfb\ud835\ude03\ud835\uddf6\ud835\uddf2 \ud835\uddf1\u2019\ud835\ude02\ud835\uddfb\ud835\uddf2 \ud835\uddf7\ud835\uddfc\ud835\ude02\ud835\uddff\ud835\uddfb\ud835\uddf2\u0301\ud835\uddf2 \ud835\uddff\ud835\uddf6\ud835\uddf0\ud835\uddf5\ud835\uddf2 \ud835\uddf2\ud835\uddfb \ud835\uddff\ud835\uddf2\ud835\uddfb\ud835\uddf0\ud835\uddfc\ud835\uddfb\ud835\ude01\ud835\uddff\ud835\uddf2\ud835\ude00 \ud835\uddf2\ud835\ude01 \ud835\uddf2\ud835\uddfb \ud835\uddee\ud835\uddfd\ud835\uddfd\ud835\uddff\ud835\uddf2\ud835\uddfb\ud835\ude01\ud835\uddf6\ud835\ude00\ud835\ude00\ud835\uddee\ud835\uddf4\ud835\uddf2\ud835\ude00 ?\ud83c\udf31\nRejoignez-nous pour un chantier participatif ! \n\nUne fois par mois, nous nous retrouvons \u00e0 la ferme pour cultiver, bricoler, apprendre ensemble et partager un moment convivial. \nQue vous soyez d\u00e9butant.e ou expert.e, chaque coup de main compte !\n\nCe que nos habitu\u00e9.es aiment pendant les chantiers, c&#039;est :\n\ud83c\udf31 Mettre les mains dans la terre... et ressentir de l&#039;apaisement !\n\ud83e\udd1d Rencontrer des personnes engag\u00e9es... et se sentir accueilli.e !\n\ud83c\udf45 D\u00e9couvrir des pratiques agricoles respectueuses... et se sentir fier.e !\n\ud83c\udf7d\ufe0f Partager un repas convivial... et se r\u00e9galer dans la bonne humeur !\n\nProchaines dates : les dimanche 1er mars, 29 mars, 3 mai, 7 juin, et 7 juillet\nInscription et infos : coordination@terredemilpa.fr\n\nA bient\u00f4t sur les terres de milpa\u00efennes !\ud83e\udd55\n\n#ChantierParticipatif #AgricultureDurable #\u00c9cologie #Engagement #Permaculture #Communaut\u00e9\"><\/a><\/div><\/div><\/li><\/ul><\/div><div class=\"zoom-instagram-widget__footer\"><a href=\"https:\/\/www.instagram.com\/terredemilpa\" target=\"_blank\" rel=\"noopener nofollow\" class=\"wpz-button wpz-button-primary wpz-insta-view-on-insta-button\"><span class=\"button-icon zoom-svg-instagram-stroke\"><\/span> Voir plus sur Instagram<\/a><\/div><div class=\"wpz-insta-lightbox-wrapper mfp-hide\"><div class=\"swiper\"><div class=\"swiper-wrapper\"><div data-uid=\"18077890895544717\" class=\"swiper-slide wpz-insta-lightbox-item\"><div class=\"wpz-insta-lightbox\"><div class=\"image-wrapper\"><img class=\"wpzoom-swiper-image swiper-lazy\" data-src=\"https:\/\/www.terredemilpa.fr\/wp-content\/uploads\/2024\/10\/685120476_1285574030383374_92299949245092947_n.jpg\" alt=\"\ud83e\udd55 Les paniers de la semaine !\n\nChaque semaine votre panier est une invitation \u00e0 c\u00e9l\u00e9brer la saison avec des l\u00e9gumes bio, locaux, de saison et solidaires !\n\nEn ce moment dans vos paniers :\n- Navet primeur\n- Courgette fra\u00eeche \n- Velout\u00e9 tomates &amp; courgettes\n- Chou vert\n- Oignon rouge de conservation\n- Salade croquante\n- Radis\n\nNos paniers, disponibles en abonnement (petit, moyen et grand format), sont pr\u00e9par\u00e9s avec les r\u00e9coltes du moment : des produits frais, color\u00e9s et pleins de go\u00fbt \n\n\ud83c\udf31Chaque panier soutient une agriculture agro\u00e9cologique et un projet solidaire qui accompagne des personnes en parcours d\u2019insertion.\n\n#TerreDeMilpa #L\u00e9gumes #Bio #Agro\u00e9cologie #Lyon\"\/><div class=\"swiper-lazy-preloader swiper-lazy-preloader-white\"><\/div><\/div>\n\t\t\t\t\t<div class=\"details-wrapper\">\n\t\t\t\t\t<div class=\"wpz-insta-header\">\n\t\t\t\t\t\t<div class=\"wpz-insta-avatar\">\n\t\t\t\t\t\t\t<img loading=\"lazy\" decoding=\"async\" src=\"https:\/\/www.terredemilpa.fr\/wp-content\/uploads\/2025\/05\/194323916_890662334996486_2510662165276911902_n-150x150.jpg\" alt=\"@terredemilpa\" width=\"42\" height=\"42\"\/>\n\t\t\t\t\t\t<\/div>\n\t\t\t\t\t\t<div class=\"wpz-insta-buttons\">\n\t\t\t\t\t\t\t<div class=\"wpz-insta-username\">\n\t\t\t\t\t\t\t\t<a rel=\"noopener\" target=\"_blank\" href=\"https:\/\/instagram.com\/terredemilpa\">@terredemilpa<\/a>\n\t\t\t\t\t\t\t<\/div>\n\t\t\t\t\t\t\t<div>&bull;<\/div>\n\t\t\t\t\t\t\t<div class=\"wpz-insta-follow\">\n\t\t\t\t\t\t\t\t<a target=\"_blank\" rel=\"noopener\"\n\t\t\t\t\t\t\t\thref=\"https:\/\/instagram.com\/terredemilpa?ref=badge\">\n\t\t\t\t\t\t\t\t\tFollow\n\t\t\t\t\t\t\t\t<\/a>\n\t\t\t\t\t\t\t<\/div>\n\t\t\t\t\t\t<\/div>\n\t\t\t\t\t<\/div><div class=\"wpz-insta-caption\">\ud83e\udd55 Les paniers de la semaine !\n\nChaque semaine votre panier est une invitation \u00e0 c\u00e9l\u00e9brer la saison avec des l\u00e9gumes bio, locaux, de saison et solidaires !\n\nEn ce moment dans vos paniers :\n&#8211; Navet primeur\n&#8211; Courgette fra\u00eeche \n&#8211; Velout\u00e9 tomates &amp; courgettes\n&#8211; Chou vert\n&#8211; Oignon rouge de conservation\n&#8211; Salade croquante\n&#8211; Radis\n\nNos paniers, disponibles en abonnement (petit, moyen et grand format), sont pr\u00e9par\u00e9s avec les r\u00e9coltes du moment : des produits frais, color\u00e9s et pleins de go\u00fbt \n\n\ud83c\udf31Chaque panier soutient une agriculture agro\u00e9cologique et un projet solidaire qui accompagne des personnes en parcours d\u2019insertion.\n\n#TerreDeMilpa #L\u00e9gumes #Bio #Agro\u00e9cologie #Lyon<\/div><div class=\"wpz-insta-date\">2 jours ago<\/div><div class=\"view-post\">\n\t\t\t\t\t<a href=\"https:\/\/www.instagram.com\/p\/DXwtVXGDD9W\/\" target=\"_blank\" rel=\"noopener\"><span class=\"dashicons dashicons-instagram\"><\/span>View on Instagram<\/a>\n\t\t\t\t\t<span class=\"delimiter\">|<\/span>\n\t\t\t\t\t<div class=\"wpz-insta-pagination\">1\/9<\/div>\n\t\t\t\t\t<\/div><\/div><\/div><\/div><div data-uid=\"18079047434434997\" class=\"swiper-slide wpz-insta-lightbox-item\"><div class=\"wpz-insta-lightbox\"><div class=\"image-wrapper\"><img class=\"wpzoom-swiper-image swiper-lazy\" data-src=\"https:\/\/www.terredemilpa.fr\/wp-content\/uploads\/2024\/10\/670870547_18089502962605917_4125221735036473298_n.jpg\" alt=\"\ud83c\udf3b Retrouvez Terre de Milpa au March\u00e9 aux Fleurs et aux saveurs de Saint-Dider-au-Mont-d&#039;Or !\n\nD\u00e9couvrez l&#039;association, notre production de l\u00e9gumes bio &amp; locaux, nos postes ouverts en insertion... et nos plans de l\u00e9gumes!\n\nRDV le 1er mai de 9h \u00e0 18h au coll\u00e8ge Fromente St Fran\u00e7ois : 1 Rte de Champagne, 69370 Saint-Didier-au-Mont-d&#039;Or.\n\n#association #stdidieraumontdor #1ermai #fetedesfleurs\"\/><div class=\"swiper-lazy-preloader swiper-lazy-preloader-white\"><\/div><\/div>\n\t\t\t\t\t<div class=\"details-wrapper\">\n\t\t\t\t\t<div class=\"wpz-insta-header\">\n\t\t\t\t\t\t<div class=\"wpz-insta-avatar\">\n\t\t\t\t\t\t\t<img loading=\"lazy\" decoding=\"async\" src=\"https:\/\/www.terredemilpa.fr\/wp-content\/uploads\/2025\/05\/194323916_890662334996486_2510662165276911902_n-150x150.jpg\" alt=\"@terredemilpa\" width=\"42\" height=\"42\"\/>\n\t\t\t\t\t\t<\/div>\n\t\t\t\t\t\t<div class=\"wpz-insta-buttons\">\n\t\t\t\t\t\t\t<div class=\"wpz-insta-username\">\n\t\t\t\t\t\t\t\t<a rel=\"noopener\" target=\"_blank\" href=\"https:\/\/instagram.com\/terredemilpa\">@terredemilpa<\/a>\n\t\t\t\t\t\t\t<\/div>\n\t\t\t\t\t\t\t<div>&bull;<\/div>\n\t\t\t\t\t\t\t<div class=\"wpz-insta-follow\">\n\t\t\t\t\t\t\t\t<a target=\"_blank\" rel=\"noopener\"\n\t\t\t\t\t\t\t\thref=\"https:\/\/instagram.com\/terredemilpa?ref=badge\">\n\t\t\t\t\t\t\t\t\tFollow\n\t\t\t\t\t\t\t\t<\/a>\n\t\t\t\t\t\t\t<\/div>\n\t\t\t\t\t\t<\/div>\n\t\t\t\t\t<\/div><div class=\"wpz-insta-caption\">\ud83c\udf3b Retrouvez Terre de Milpa au March\u00e9 aux Fleurs et aux saveurs de Saint-Dider-au-Mont-d&#039;Or !\n\nD\u00e9couvrez l&#039;association, notre production de l\u00e9gumes bio &amp; locaux, nos postes ouverts en insertion&#8230; et nos plans de l\u00e9gumes!\n\nRDV le 1er mai de 9h \u00e0 18h au coll\u00e8ge Fromente St Fran\u00e7ois : 1 Rte de Champagne, 69370 Saint-Didier-au-Mont-d&#039;Or.\n\n#association #stdidieraumontdor #1ermai #fetedesfleurs<\/div><div class=\"wpz-insta-date\">2 semaines ago<\/div><div class=\"view-post\">\n\t\t\t\t\t<a href=\"https:\/\/www.instagram.com\/p\/DXWENKpDMrD\/\" target=\"_blank\" rel=\"noopener\"><span class=\"dashicons dashicons-instagram\"><\/span>View on Instagram<\/a>\n\t\t\t\t\t<span class=\"delimiter\">|<\/span>\n\t\t\t\t\t<div class=\"wpz-insta-pagination\">2\/9<\/div>\n\t\t\t\t\t<\/div><\/div><\/div><\/div><div data-uid=\"18511012264073185\" class=\"swiper-slide wpz-insta-lightbox-item\"><div class=\"wpz-insta-lightbox\"><div class=\"image-wrapper\"><video controls muted preload=\"none\"><source src=\"https:\/\/scontent-cdg4-1.cdninstagram.com\/o1\/v\/t16\/f2\/m69\/AQPgxypx3YicrYAzcCfi1xxnirg-w7B74fCEV8kiUV90UvmDUlLUctHi6lZaE4lwTcq6QmYQfurdr-edjuu7aXnW.mp4?strext=1&#038;_nc_cat=110&#038;_nc_sid=5e9851&#038;_nc_ht=scontent-cdg4-1.cdninstagram.com&#038;_nc_ohc=A2RDeMRYWeAQ7kNvwEz2CHR&#038;efg=eyJ2ZW5jb2RlX3RhZyI6Inhwdl9wcm9ncmVzc2l2ZS5JTlNUQUdSQU0uQ0xJUFMuQzMuNzIwLmRhc2hfYmFzZWxpbmVfMV92MSIsInhwdl9hc3NldF9pZCI6MTgwODIzMjM1MDY2MDU5MTcsImFzc2V0X2FnZV9kYXlzIjo2NSwidmlfdXNlY2FzZV9pZCI6MTAwOTksImR1cmF0aW9uX3MiOjE1LCJ1cmxnZW5fc291cmNlIjoid3d3In0%3D&#038;ccb=17-1&#038;vs=14ced39d5e5f7884&#038;_nc_vs=HBksFQIYOnBhc3N0aHJvdWdoX2V2ZXJzdG9yZS9HTS0ySXliQTRfUWxEN29IQUdmOVppck41MFo3YnNwVEFRQUYVAALIARIAFQIYUWlnX3hwdl9wbGFjZW1lbnRfcGVybWFuZW50X3YyLzRCNEU2NzY1MkZDMjBBQkMwMjE3MTAwRUY3RTFFREI4X2F1ZGlvX2Rhc2hpbml0Lm1wNBUCAsgBEgAoABgAGwKIB3VzZV9vaWwBMRJwcm9ncmVzc2l2ZV9yZWNpcGUBMRUAACa6vZnV4PGeQBUCKAJDMywXQC4AAAAAAAAYEmRhc2hfYmFzZWxpbmVfMV92MREAdf4HZeadAQA&#038;_nc_gid=kelH4JgEd0BLEVn5EDBnZw&#038;edm=ANo9K5cEAAAA&#038;_nc_zt=28&#038;_nc_tpa=Q5bMBQHOVou8ZqJkf6Vr-y0f0teQ7Djyc7YLXT0K7-YPnChOn0JQCbcNDN2Z6FVjH8ZsQDHmF6GiEOE9&#038;oh=00_Af60kZfGNQA2zsNdYMeEWkBYpBoGFgDGMgIA0Kn3_ZxeBQ&#038;oe=69FB6F2A\" type=\"video\/mp4\"\/><\/video><\/div>\n\t\t\t\t\t<div class=\"details-wrapper\">\n\t\t\t\t\t<div class=\"wpz-insta-header\">\n\t\t\t\t\t\t<div class=\"wpz-insta-avatar\">\n\t\t\t\t\t\t\t<img loading=\"lazy\" decoding=\"async\" src=\"https:\/\/www.terredemilpa.fr\/wp-content\/uploads\/2025\/05\/194323916_890662334996486_2510662165276911902_n-150x150.jpg\" alt=\"@terredemilpa\" width=\"42\" height=\"42\"\/>\n\t\t\t\t\t\t<\/div>\n\t\t\t\t\t\t<div class=\"wpz-insta-buttons\">\n\t\t\t\t\t\t\t<div class=\"wpz-insta-username\">\n\t\t\t\t\t\t\t\t<a rel=\"noopener\" target=\"_blank\" href=\"https:\/\/instagram.com\/terredemilpa\">@terredemilpa<\/a>\n\t\t\t\t\t\t\t<\/div>\n\t\t\t\t\t\t\t<div>&bull;<\/div>\n\t\t\t\t\t\t\t<div class=\"wpz-insta-follow\">\n\t\t\t\t\t\t\t\t<a target=\"_blank\" rel=\"noopener\"\n\t\t\t\t\t\t\t\thref=\"https:\/\/instagram.com\/terredemilpa?ref=badge\">\n\t\t\t\t\t\t\t\t\tFollow\n\t\t\t\t\t\t\t\t<\/a>\n\t\t\t\t\t\t\t<\/div>\n\t\t\t\t\t\t<\/div>\n\t\t\t\t\t<\/div><div class=\"wpz-insta-caption\">C&#039;est insens\u00e9 de croire qu&#039;on peut encore changer le monde, et pourtant, chez Emma\u00fcs, on est 40 000 \u00e0 le faire.\n\r\nPour d\u00e9couvrir nos activit\u00e9s et notre impact\r\ninsens\u00e9s, rendez-vous sur emmaus-france.org !<\/div><div class=\"wpz-insta-date\">2 mois ago<\/div><div class=\"view-post\">\n\t\t\t\t\t<a href=\"https:\/\/www.instagram.com\/reel\/DV0Z6-VDp1-\/\" target=\"_blank\" rel=\"noopener\"><span class=\"dashicons dashicons-instagram\"><\/span>View on Instagram<\/a>\n\t\t\t\t\t<span class=\"delimiter\">|<\/span>\n\t\t\t\t\t<div class=\"wpz-insta-pagination\">3\/9<\/div>\n\t\t\t\t\t<\/div><\/div><\/div><\/div><div data-uid=\"17869738689568779\" class=\"swiper-slide wpz-insta-lightbox-item\"><div class=\"wpz-insta-lightbox\"><div class=\"image-wrapper\"><div class=\"swiper\" style=\"height: 100%;\"><div class=\"swiper-wrapper wpz-insta-album-images\"><div class=\"swiper-slide wpz-insta-album-image\" data-media-type=\"image\"><img class=\"wpzoom-swiper-image swiper-lazy\" data-src=\"https:\/\/scontent-cdg4-1.cdninstagram.com\/v\/t39.30808-6\/650066933_1246222900985154_4932716945654992765_n.jpg?stp=dst-jpg_e35_tt6&#038;_nc_cat=102&#038;ccb=7-5&#038;_nc_sid=18de74&#038;efg=eyJlZmdfdGFnIjoiQ0FST1VTRUxfSVRFTS5iZXN0X2ltYWdlX3VybGdlbi5DMyJ9&#038;_nc_ohc=JBRMcSoj3uAQ7kNvwFYW0ax&#038;_nc_oc=AdoEX4t1OxT2BMVrkPddtqUpBE1CjHrNKbJ4mYTw4EkYdPZIVhGTEYd2HKSeorNB9yc&#038;_nc_zt=23&#038;_nc_ht=scontent-cdg4-1.cdninstagram.com&#038;edm=ANo9K5cEAAAA&#038;_nc_gid=kelH4JgEd0BLEVn5EDBnZw&#038;_nc_tpa=Q5bMBQEHMp80g0FRGrY3T8xY2ACBPwVxhwYAg0LoAjWAQ7cbrUDgjIqwNeDYpVBLSK7yWqni7Ua4xO2O&#038;oh=00_Af7ESIKfXEvo5kAb6nrXtRENnfbHQC1mbcihTNj994BJHA&#038;oe=69FB855E\" alt=\"\ud83c\udf31 Quelques rayons de soleil et hop : ce sont d\u00e9j\u00e0 les courgettes qui pointent le bout de leurs feuilles !\n\nCes derniers jours les terres milpa\u00efennes en ont vu de toutes les couleurs : \n\ud83d\udfe9 du vert, avec ces tous jeunes plants de courgettes\n\ud83d\udfe8 de l&#039;or, dans le compost agr\u00e9ment\u00e9 de larves de c\u00e9toine dor\u00e9es\n\ud83d\udfe6 du bleu, gr\u00e2ce \u00e0 un nouvel outil, fait maison \u00e0 @latelier.paysan de Renage : une houe mara\u00eech\u00e8re avec butoir\n\nLe printemps arrive, les terres se parent et se pr\u00e9parent, pour le plus grand plaisir de toute l&#039;\u00e9quipe Terre de Milpa et des gourmand.es impatient.es !\n\n#ferme #agriculturedurable #agroe\u0301cologie #fermeinsertion\"\/><div class=\"swiper-lazy-preloader swiper-lazy-preloader-white\"><\/div><\/div><div class=\"swiper-slide wpz-insta-album-image\" data-media-type=\"image\"><img class=\"wpzoom-swiper-image swiper-lazy\" data-src=\"https:\/\/scontent-cdg4-2.cdninstagram.com\/v\/t39.30808-6\/650487706_1246222920985152_745103746135460828_n.jpg?stp=dst-jpg_e35_tt6&#038;_nc_cat=109&#038;ccb=7-5&#038;_nc_sid=18de74&#038;efg=eyJlZmdfdGFnIjoiQ0FST1VTRUxfSVRFTS5iZXN0X2ltYWdlX3VybGdlbi5DMyJ9&#038;_nc_ohc=rd7t3RJ5TccQ7kNvwE26_-y&#038;_nc_oc=Ado0U0o4c0YjlyscC32mBrYIxniqwiHrYrvZ9yr5lg0zKafio2KQ10sQGBSad7_CXGM&#038;_nc_zt=23&#038;_nc_ht=scontent-cdg4-2.cdninstagram.com&#038;edm=ANo9K5cEAAAA&#038;_nc_gid=kelH4JgEd0BLEVn5EDBnZw&#038;_nc_tpa=Q5bMBQHSZMSeipC8K2n201IzEVywleBsDH6jcy8FTESINOcpu8k0_Wuf6HARyz2zSm-oZmphn3yiKA0U&#038;oh=00_Af7iWtYncxT7evQrkGgh32FIJn8vKtM_Id1VZRJ4sWZY9g&#038;oe=69FB8A03\" alt=\"\ud83c\udf31 Quelques rayons de soleil et hop : ce sont d\u00e9j\u00e0 les courgettes qui pointent le bout de leurs feuilles !\n\nCes derniers jours les terres milpa\u00efennes en ont vu de toutes les couleurs : \n\ud83d\udfe9 du vert, avec ces tous jeunes plants de courgettes\n\ud83d\udfe8 de l&#039;or, dans le compost agr\u00e9ment\u00e9 de larves de c\u00e9toine dor\u00e9es\n\ud83d\udfe6 du bleu, gr\u00e2ce \u00e0 un nouvel outil, fait maison \u00e0 @latelier.paysan de Renage : une houe mara\u00eech\u00e8re avec butoir\n\nLe printemps arrive, les terres se parent et se pr\u00e9parent, pour le plus grand plaisir de toute l&#039;\u00e9quipe Terre de Milpa et des gourmand.es impatient.es !\n\n#ferme #agriculturedurable #agroe\u0301cologie #fermeinsertion\"\/><div class=\"swiper-lazy-preloader swiper-lazy-preloader-white\"><\/div><\/div><div class=\"swiper-slide wpz-insta-album-image\" data-media-type=\"image\"><img class=\"wpzoom-swiper-image swiper-lazy\" data-src=\"https:\/\/scontent-cdg6-1.cdninstagram.com\/v\/t39.30808-6\/650818426_1246222897651821_1642009771058693599_n.jpg?stp=dst-jpg_e35_tt6&#038;_nc_cat=103&#038;ccb=7-5&#038;_nc_sid=18de74&#038;efg=eyJlZmdfdGFnIjoiQ0FST1VTRUxfSVRFTS5iZXN0X2ltYWdlX3VybGdlbi5DMyJ9&#038;_nc_ohc=Cln9DbXhdNYQ7kNvwG3uYFy&#038;_nc_oc=AdpE19Ok68LlLZ-mBIQrOX9h9p7UP67sCa3UlBYRPnKdCUynalH2p82KMWV9FIjp8_k&#038;_nc_zt=23&#038;_nc_ht=scontent-cdg6-1.cdninstagram.com&#038;edm=ANo9K5cEAAAA&#038;_nc_gid=kelH4JgEd0BLEVn5EDBnZw&#038;_nc_tpa=Q5bMBQE_JsWL4LqYN6Oz5dCJ-P5tIr5lYg1Nh4vHXaF3Hj7kr7f2dwZDM-Zq3xrRE_9emQ5PLlDxr5t9&#038;oh=00_Af5itw9DLEcq3dGcPtcSZj_AGaE1UfGCEf3RuUzA21ZCiA&#038;oe=69FB71AC\" alt=\"\ud83c\udf31 Quelques rayons de soleil et hop : ce sont d\u00e9j\u00e0 les courgettes qui pointent le bout de leurs feuilles !\n\nCes derniers jours les terres milpa\u00efennes en ont vu de toutes les couleurs : \n\ud83d\udfe9 du vert, avec ces tous jeunes plants de courgettes\n\ud83d\udfe8 de l&#039;or, dans le compost agr\u00e9ment\u00e9 de larves de c\u00e9toine dor\u00e9es\n\ud83d\udfe6 du bleu, gr\u00e2ce \u00e0 un nouvel outil, fait maison \u00e0 @latelier.paysan de Renage : une houe mara\u00eech\u00e8re avec butoir\n\nLe printemps arrive, les terres se parent et se pr\u00e9parent, pour le plus grand plaisir de toute l&#039;\u00e9quipe Terre de Milpa et des gourmand.es impatient.es !\n\n#ferme #agriculturedurable #agroe\u0301cologie #fermeinsertion\"\/><div class=\"swiper-lazy-preloader swiper-lazy-preloader-white\"><\/div><\/div><\/div><div class=\"swiper-pagination\"><\/div><div class=\"swiper-button-prev\"><\/div><div class=\"swiper-button-next\"><\/div><\/div><\/div>\n\t\t\t\t\t<div class=\"details-wrapper\">\n\t\t\t\t\t<div class=\"wpz-insta-header\">\n\t\t\t\t\t\t<div class=\"wpz-insta-avatar\">\n\t\t\t\t\t\t\t<img loading=\"lazy\" decoding=\"async\" src=\"https:\/\/www.terredemilpa.fr\/wp-content\/uploads\/2025\/05\/194323916_890662334996486_2510662165276911902_n-150x150.jpg\" alt=\"@terredemilpa\" width=\"42\" height=\"42\"\/>\n\t\t\t\t\t\t<\/div>\n\t\t\t\t\t\t<div class=\"wpz-insta-buttons\">\n\t\t\t\t\t\t\t<div class=\"wpz-insta-username\">\n\t\t\t\t\t\t\t\t<a rel=\"noopener\" target=\"_blank\" href=\"https:\/\/instagram.com\/terredemilpa\">@terredemilpa<\/a>\n\t\t\t\t\t\t\t<\/div>\n\t\t\t\t\t\t\t<div>&bull;<\/div>\n\t\t\t\t\t\t\t<div class=\"wpz-insta-follow\">\n\t\t\t\t\t\t\t\t<a target=\"_blank\" rel=\"noopener\"\n\t\t\t\t\t\t\t\thref=\"https:\/\/instagram.com\/terredemilpa?ref=badge\">\n\t\t\t\t\t\t\t\t\tFollow\n\t\t\t\t\t\t\t\t<\/a>\n\t\t\t\t\t\t\t<\/div>\n\t\t\t\t\t\t<\/div>\n\t\t\t\t\t<\/div><div class=\"wpz-insta-caption\">\ud83c\udf31 Quelques rayons de soleil et hop : ce sont d\u00e9j\u00e0 les courgettes qui pointent le bout de leurs feuilles !\n\nCes derniers jours les terres milpa\u00efennes en ont vu de toutes les couleurs : \n\ud83d\udfe9 du vert, avec ces tous jeunes plants de courgettes\n\ud83d\udfe8 de l&#039;or, dans le compost agr\u00e9ment\u00e9 de larves de c\u00e9toine dor\u00e9es\n\ud83d\udfe6 du bleu, gr\u00e2ce \u00e0 un nouvel outil, fait maison \u00e0 @latelier.paysan de Renage : une houe mara\u00eech\u00e8re avec butoir\n\nLe printemps arrive, les terres se parent et se pr\u00e9parent, pour le plus grand plaisir de toute l&#039;\u00e9quipe Terre de Milpa et des gourmand.es impatient.es !\n\n#ferme #agriculturedurable #agroe\u0301cologie #fermeinsertion<\/div><div class=\"wpz-insta-date\">2 mois ago<\/div><div class=\"view-post\">\n\t\t\t\t\t<a href=\"https:\/\/www.instagram.com\/p\/DVwD43zDC3b\/\" target=\"_blank\" rel=\"noopener\"><span class=\"dashicons dashicons-instagram\"><\/span>View on Instagram<\/a>\n\t\t\t\t\t<span class=\"delimiter\">|<\/span>\n\t\t\t\t\t<div class=\"wpz-insta-pagination\">4\/9<\/div>\n\t\t\t\t\t<\/div><\/div><\/div><\/div><div data-uid=\"18096225352965066\" class=\"swiper-slide wpz-insta-lightbox-item\"><div class=\"wpz-insta-lightbox\"><div class=\"image-wrapper\"><video controls muted preload=\"none\"><source src=\"https:\/\/scontent-cdg4-2.cdninstagram.com\/o1\/v\/t16\/f2\/m69\/AQOl804KAfaVlDzhNlX0X2p4caoipcTZOvE2Q_TTCKZHZ_VOK3ohkRcbkrpUxKx2JHC1nW1ZhyI3GCnw39s4BzCm.mp4?strext=1&#038;_nc_cat=109&#038;_nc_sid=5e9851&#038;_nc_ht=scontent-cdg4-2.cdninstagram.com&#038;_nc_ohc=whIXjc9R0-YQ7kNvwEAaN7s&#038;efg=eyJ2ZW5jb2RlX3RhZyI6Inhwdl9wcm9ncmVzc2l2ZS5JTlNUQUdSQU0uQ0xJUFMuQzMuNzIwLmRhc2hfYmFzZWxpbmVfMV92MSIsInhwdl9hc3NldF9pZCI6MTgwODIzMjI5MTU2MDU5MTcsImFzc2V0X2FnZV9kYXlzIjo2NSwidmlfdXNlY2FzZV9pZCI6MTAwOTksImR1cmF0aW9uX3MiOjE1LCJ1cmxnZW5fc291cmNlIjoid3d3In0%3D&#038;ccb=17-1&#038;vs=d23f881230c820bd&#038;_nc_vs=HBksFQIYOnBhc3N0aHJvdWdoX2V2ZXJzdG9yZS9HQlA5RnlabUg0RmxRZVVGQVB4eExWYjBVZnhjYnNwVEFRQUYVAALIARIAFQIYUWlnX3hwdl9wbGFjZW1lbnRfcGVybWFuZW50X3YyLzQ3NDVDNjc2ODI0RTgzRjlDMkYwRUI2NzBDRjdCM0E2X2F1ZGlvX2Rhc2hpbml0Lm1wNBUCAsgBEgAoABgAGwKIB3VzZV9vaWwBMRJwcm9ncmVzc2l2ZV9yZWNpcGUBMRUAACa69smh3PGeQBUCKAJDMywXQC4AAAAAAAAYEmRhc2hfYmFzZWxpbmVfMV92MREAdf4HZeadAQA&#038;_nc_gid=kelH4JgEd0BLEVn5EDBnZw&#038;edm=ANo9K5cEAAAA&#038;_nc_zt=28&#038;_nc_tpa=Q5bMBQHfabWmgQHZZdBGtMhO9hIy_x8bCOlleJIVMnzAx4dXZAZyR4cXjMJ8G8V8Wf_8LUXgJcdtpp1z&#038;oh=00_Af7TEaEQGgoFSkeLqlrdCRunjFVvlAgeuUNn1Jt8CwAU-g&#038;oe=69FB6FEF\" type=\"video\/mp4\"\/><\/video><\/div>\n\t\t\t\t\t<div class=\"details-wrapper\">\n\t\t\t\t\t<div class=\"wpz-insta-header\">\n\t\t\t\t\t\t<div class=\"wpz-insta-avatar\">\n\t\t\t\t\t\t\t<img loading=\"lazy\" decoding=\"async\" src=\"https:\/\/www.terredemilpa.fr\/wp-content\/uploads\/2025\/05\/194323916_890662334996486_2510662165276911902_n-150x150.jpg\" alt=\"@terredemilpa\" width=\"42\" height=\"42\"\/>\n\t\t\t\t\t\t<\/div>\n\t\t\t\t\t\t<div class=\"wpz-insta-buttons\">\n\t\t\t\t\t\t\t<div class=\"wpz-insta-username\">\n\t\t\t\t\t\t\t\t<a rel=\"noopener\" target=\"_blank\" href=\"https:\/\/instagram.com\/terredemilpa\">@terredemilpa<\/a>\n\t\t\t\t\t\t\t<\/div>\n\t\t\t\t\t\t\t<div>&bull;<\/div>\n\t\t\t\t\t\t\t<div class=\"wpz-insta-follow\">\n\t\t\t\t\t\t\t\t<a target=\"_blank\" rel=\"noopener\"\n\t\t\t\t\t\t\t\thref=\"https:\/\/instagram.com\/terredemilpa?ref=badge\">\n\t\t\t\t\t\t\t\t\tFollow\n\t\t\t\t\t\t\t\t<\/a>\n\t\t\t\t\t\t\t<\/div>\n\t\t\t\t\t\t<\/div>\n\t\t\t\t\t<\/div><div class=\"wpz-insta-caption\">C&#039;est insens\u00e9 de croire qu&#039;on peut encore changer le monde, et pourtant, chez Emma\u00fcs, on est 40 000 \u00e0 le faire.\n\r\nPour d\u00e9couvrir nos activit\u00e9s et notre impact\r\ninsens\u00e9s, rendez-vous sur emmaus-france.org !<\/div><div class=\"wpz-insta-date\">2 mois ago<\/div><div class=\"view-post\">\n\t\t\t\t\t<a href=\"https:\/\/www.instagram.com\/reel\/DViYV2hDq1e\/\" target=\"_blank\" rel=\"noopener\"><span class=\"dashicons dashicons-instagram\"><\/span>View on Instagram<\/a>\n\t\t\t\t\t<span class=\"delimiter\">|<\/span>\n\t\t\t\t\t<div class=\"wpz-insta-pagination\">5\/9<\/div>\n\t\t\t\t\t<\/div><\/div><\/div><\/div><div data-uid=\"17867029482574325\" class=\"swiper-slide wpz-insta-lightbox-item\"><div class=\"wpz-insta-lightbox\"><div class=\"image-wrapper\"><div class=\"swiper\" style=\"height: 100%;\"><div class=\"swiper-wrapper wpz-insta-album-images\"><div class=\"swiper-slide wpz-insta-album-image\" data-media-type=\"image\"><img class=\"wpzoom-swiper-image swiper-lazy\" data-src=\"https:\/\/scontent-cdg4-2.cdninstagram.com\/v\/t51.82787-15\/642128248_18082326272605917_5493855245573700969_n.webp?stp=dst-jpg_e35_tt6&#038;_nc_cat=100&#038;ccb=7-5&#038;_nc_sid=18de74&#038;efg=eyJlZmdfdGFnIjoiQ0FST1VTRUxfSVRFTS5iZXN0X2ltYWdlX3VybGdlbi5DMyJ9&#038;_nc_ohc=Fu2g8vXBLAMQ7kNvwH0N5dN&#038;_nc_oc=AdodRmFhLIIp02aqxqsKlETWhQm6tpfU2knvqz57GYyGYq1O33PFlIVSoh-ikmEo5g8&#038;_nc_zt=23&#038;_nc_ht=scontent-cdg4-2.cdninstagram.com&#038;edm=ANo9K5cEAAAA&#038;_nc_gid=kelH4JgEd0BLEVn5EDBnZw&#038;_nc_tpa=Q5bMBQEhhT40627Bj_JR_96L1oHEWxlfCWk1bswnPuWXjO_bF2PkX0HINzrUf2rjUSoPr132kiO0oWEM&#038;oh=00_Af7hOn3TfxBMCtfvbwKT-d4tH4iEq4_m8dwMAiHK378pEQ&#038;oe=69FB839A\" alt=\"A la recherche d&#039;un stage de 6 mois plein de sens pour valider ton M2 ?\n\nCa tombe bien, l&#039;\u00e9quipe Terre de Milpa recherche un.e \u00e9tudiant.e de Master 2 polyvalent.e, motiv\u00e9.e et curieux.se, qui partage ses valeurs et qui souhaite s&#039;investir dans un projet agro\u00e9cologique et solidaire\n\nL&#039;annonce compl\u00e8te est disponible ici \ud83d\udc46\ud83c\udfff\ud83d\udc46\ud83c\udffe\ud83d\udc46\n\n#recrutement #stage #master\"\/><div class=\"swiper-lazy-preloader swiper-lazy-preloader-white\"><\/div><\/div><div class=\"swiper-slide wpz-insta-album-image\" data-media-type=\"image\"><img class=\"wpzoom-swiper-image swiper-lazy\" data-src=\"https:\/\/scontent-cdg4-1.cdninstagram.com\/v\/t51.82787-15\/642205895_18082326281605917_613213773323130696_n.webp?stp=dst-jpg_e35_tt6&#038;_nc_cat=110&#038;ccb=7-5&#038;_nc_sid=18de74&#038;efg=eyJlZmdfdGFnIjoiQ0FST1VTRUxfSVRFTS5iZXN0X2ltYWdlX3VybGdlbi5DMyJ9&#038;_nc_ohc=zce-Xl01GSkQ7kNvwGFH6kQ&#038;_nc_oc=AdrgdKW3iVIlrOcMLHwhiF69QiBKowwkHGIExTf1D42EXCM_geWxeJwIWROzzYbu6jc&#038;_nc_zt=23&#038;_nc_ht=scontent-cdg4-1.cdninstagram.com&#038;edm=ANo9K5cEAAAA&#038;_nc_gid=kelH4JgEd0BLEVn5EDBnZw&#038;_nc_tpa=Q5bMBQGPm02zCV2wSX5c0fHCtxFxngzD9xSWc8gWGfZE6BUK4L3C4D058woMvxoclz_nsxNWXbsbulMu&#038;oh=00_Af5-SUS8atoRTugal_3vgPyRjTi8vGU16QL-fns5217lXQ&#038;oe=69FB74C1\" alt=\"A la recherche d&#039;un stage de 6 mois plein de sens pour valider ton M2 ?\n\nCa tombe bien, l&#039;\u00e9quipe Terre de Milpa recherche un.e \u00e9tudiant.e de Master 2 polyvalent.e, motiv\u00e9.e et curieux.se, qui partage ses valeurs et qui souhaite s&#039;investir dans un projet agro\u00e9cologique et solidaire\n\nL&#039;annonce compl\u00e8te est disponible ici \ud83d\udc46\ud83c\udfff\ud83d\udc46\ud83c\udffe\ud83d\udc46\n\n#recrutement #stage #master\"\/><div class=\"swiper-lazy-preloader swiper-lazy-preloader-white\"><\/div><\/div><div class=\"swiper-slide wpz-insta-album-image\" data-media-type=\"image\"><img class=\"wpzoom-swiper-image swiper-lazy\" data-src=\"https:\/\/scontent-cdg4-1.cdninstagram.com\/v\/t51.82787-15\/642500179_18082326290605917_5746435990138567971_n.webp?stp=dst-jpg_e35_tt6&#038;_nc_cat=108&#038;ccb=7-5&#038;_nc_sid=18de74&#038;efg=eyJlZmdfdGFnIjoiQ0FST1VTRUxfSVRFTS5iZXN0X2ltYWdlX3VybGdlbi5DMyJ9&#038;_nc_ohc=eUQa97ne1UsQ7kNvwEXToaM&#038;_nc_oc=AdqMeqMKUNy4PrAhjNIpw9a-BXY9ZWGED0vJh8VirrAkj8zjDLRGdWaiASaPP0p34aE&#038;_nc_zt=23&#038;_nc_ht=scontent-cdg4-1.cdninstagram.com&#038;edm=ANo9K5cEAAAA&#038;_nc_gid=kelH4JgEd0BLEVn5EDBnZw&#038;_nc_tpa=Q5bMBQGjhKLdUk41Jkz9-yrHSBgOInynSKFajiJpnnTw1SIZrr0GsG9sMk3wwEg1nPp2JKmd8Bqn6YHr&#038;oh=00_Af6NrCdI3TuK-b0_kLDmTCGEXvi8L2zqWTFYDyDqiwzKGg&#038;oe=69FB7D21\" alt=\"A la recherche d&#039;un stage de 6 mois plein de sens pour valider ton M2 ?\n\nCa tombe bien, l&#039;\u00e9quipe Terre de Milpa recherche un.e \u00e9tudiant.e de Master 2 polyvalent.e, motiv\u00e9.e et curieux.se, qui partage ses valeurs et qui souhaite s&#039;investir dans un projet agro\u00e9cologique et solidaire\n\nL&#039;annonce compl\u00e8te est disponible ici \ud83d\udc46\ud83c\udfff\ud83d\udc46\ud83c\udffe\ud83d\udc46\n\n#recrutement #stage #master\"\/><div class=\"swiper-lazy-preloader swiper-lazy-preloader-white\"><\/div><\/div><div class=\"swiper-slide wpz-insta-album-image\" data-media-type=\"image\"><img class=\"wpzoom-swiper-image swiper-lazy\" data-src=\"https:\/\/scontent-cdg4-1.cdninstagram.com\/v\/t51.82787-15\/642394721_18082326299605917_5121892541417966898_n.webp?stp=dst-jpg_e35_tt6&#038;_nc_cat=110&#038;ccb=7-5&#038;_nc_sid=18de74&#038;efg=eyJlZmdfdGFnIjoiQ0FST1VTRUxfSVRFTS5iZXN0X2ltYWdlX3VybGdlbi5DMyJ9&#038;_nc_ohc=rRpvHfem0WAQ7kNvwHjkTAd&#038;_nc_oc=AdqNYrMqepkgP6xuSdVKoxVc48o9F5mzAS7O8tBpmXlDGPukkKPQclGDdqz6Tv3NZWk&#038;_nc_zt=23&#038;_nc_ht=scontent-cdg4-1.cdninstagram.com&#038;edm=ANo9K5cEAAAA&#038;_nc_gid=kelH4JgEd0BLEVn5EDBnZw&#038;_nc_tpa=Q5bMBQGMYQzpaIZMJJCyOrOliHM4EQ2JATBQLcHQvnfuB1k9MWoQIEqhPMCxbdsQtxFgVym7aV3c2aPL&#038;oh=00_Af5jkljF8A1lEkswRcTQEWer8mNp-YfGGWc7lWwcjf_98A&#038;oe=69FB7F9F\" alt=\"A la recherche d&#039;un stage de 6 mois plein de sens pour valider ton M2 ?\n\nCa tombe bien, l&#039;\u00e9quipe Terre de Milpa recherche un.e \u00e9tudiant.e de Master 2 polyvalent.e, motiv\u00e9.e et curieux.se, qui partage ses valeurs et qui souhaite s&#039;investir dans un projet agro\u00e9cologique et solidaire\n\nL&#039;annonce compl\u00e8te est disponible ici \ud83d\udc46\ud83c\udfff\ud83d\udc46\ud83c\udffe\ud83d\udc46\n\n#recrutement #stage #master\"\/><div class=\"swiper-lazy-preloader swiper-lazy-preloader-white\"><\/div><\/div><\/div><div class=\"swiper-pagination\"><\/div><div class=\"swiper-button-prev\"><\/div><div class=\"swiper-button-next\"><\/div><\/div><\/div>\n\t\t\t\t\t<div class=\"details-wrapper\">\n\t\t\t\t\t<div class=\"wpz-insta-header\">\n\t\t\t\t\t\t<div class=\"wpz-insta-avatar\">\n\t\t\t\t\t\t\t<img loading=\"lazy\" decoding=\"async\" src=\"https:\/\/www.terredemilpa.fr\/wp-content\/uploads\/2025\/05\/194323916_890662334996486_2510662165276911902_n-150x150.jpg\" alt=\"@terredemilpa\" width=\"42\" height=\"42\"\/>\n\t\t\t\t\t\t<\/div>\n\t\t\t\t\t\t<div class=\"wpz-insta-buttons\">\n\t\t\t\t\t\t\t<div class=\"wpz-insta-username\">\n\t\t\t\t\t\t\t\t<a rel=\"noopener\" target=\"_blank\" href=\"https:\/\/instagram.com\/terredemilpa\">@terredemilpa<\/a>\n\t\t\t\t\t\t\t<\/div>\n\t\t\t\t\t\t\t<div>&bull;<\/div>\n\t\t\t\t\t\t\t<div class=\"wpz-insta-follow\">\n\t\t\t\t\t\t\t\t<a target=\"_blank\" rel=\"noopener\"\n\t\t\t\t\t\t\t\thref=\"https:\/\/instagram.com\/terredemilpa?ref=badge\">\n\t\t\t\t\t\t\t\t\tFollow\n\t\t\t\t\t\t\t\t<\/a>\n\t\t\t\t\t\t\t<\/div>\n\t\t\t\t\t\t<\/div>\n\t\t\t\t\t<\/div><div class=\"wpz-insta-caption\">A la recherche d&#039;un stage de 6 mois plein de sens pour valider ton M2 ?\n\nCa tombe bien, l&#039;\u00e9quipe Terre de Milpa recherche un.e \u00e9tudiant.e de Master 2 polyvalent.e, motiv\u00e9.e et curieux.se, qui partage ses valeurs et qui souhaite s&#039;investir dans un projet agro\u00e9cologique et solidaire\n\nL&#039;annonce compl\u00e8te est disponible ici \ud83d\udc46\ud83c\udfff\ud83d\udc46\ud83c\udffe\ud83d\udc46\n\n#recrutement #stage #master<\/div><div class=\"wpz-insta-date\">2 mois ago<\/div><div class=\"view-post\">\n\t\t\t\t\t<a href=\"https:\/\/www.instagram.com\/p\/DVVZa8TjMsJ\/\" target=\"_blank\" rel=\"noopener\"><span class=\"dashicons dashicons-instagram\"><\/span>View on Instagram<\/a>\n\t\t\t\t\t<span class=\"delimiter\">|<\/span>\n\t\t\t\t\t<div class=\"wpz-insta-pagination\">6\/9<\/div>\n\t\t\t\t\t<\/div><\/div><\/div><\/div><div data-uid=\"18123266839568843\" class=\"swiper-slide wpz-insta-lightbox-item\"><div class=\"wpz-insta-lightbox\"><div class=\"image-wrapper\"><video controls muted preload=\"none\"><source src=\"https:\/\/scontent-cdg4-1.cdninstagram.com\/o1\/v\/t16\/f2\/m69\/AQN2NWzI9xWx8lAghhgM1-QBk6Irk6HyhxRkdvkKZgrSITPAXfYVoLTn25-4wwvNYi-GFyJ4s60F2vBwaZgEpJXm.mp4?strext=1&#038;_nc_cat=108&#038;_nc_sid=5e9851&#038;_nc_ht=scontent-cdg4-1.cdninstagram.com&#038;_nc_ohc=3sJgFH1o5RoQ7kNvwETKRRG&#038;efg=eyJ2ZW5jb2RlX3RhZyI6Inhwdl9wcm9ncmVzc2l2ZS5JTlNUQUdSQU0uQ0xJUFMuQzMuNzIwLmRhc2hfYmFzZWxpbmVfMV92MSIsInhwdl9hc3NldF9pZCI6MTgwODIzMjIxMjY2MDU5MTcsImFzc2V0X2FnZV9kYXlzIjo2NSwidmlfdXNlY2FzZV9pZCI6MTAwOTksImR1cmF0aW9uX3MiOjE1LCJ1cmxnZW5fc291cmNlIjoid3d3In0%3D&#038;ccb=17-1&#038;vs=b294f7469e69f69a&#038;_nc_vs=HBksFQIYOnBhc3N0aHJvdWdoX2V2ZXJzdG9yZS9HUElvTWlhTmlLc3dVYzRGQUZkMDhOeG9FWnBRYnNwVEFRQUYVAALIARIAFQIYUWlnX3hwdl9wbGFjZW1lbnRfcGVybWFuZW50X3YyLzQ4NDc2QjgzQ0MwNzZBMDZCQUZCQ0RBNDY5Q0ZDRjk2X2F1ZGlvX2Rhc2hpbml0Lm1wNBUCAsgBEgAoABgAGwKIB3VzZV9vaWwBMRJwcm9ncmVzc2l2ZV9yZWNpcGUBMRUAACa6uZCx1vGeQBUCKAJDMywXQC4AAAAAAAAYEmRhc2hfYmFzZWxpbmVfMV92MREAdf4HZeadAQA&#038;_nc_gid=kelH4JgEd0BLEVn5EDBnZw&#038;edm=ANo9K5cEAAAA&#038;_nc_zt=28&#038;_nc_tpa=Q5bMBQGcGcBEWGBLGJ02eYKPWsfUe66yemPU8B8RF4rEWc7rcVNrPaFTJYAfMXIo6cGEZ0wilObiY5m2&#038;oh=00_Af4IcyFYqT42Szatp0rA9q8mJcbE_DNVMAHQLvQM1-mmzQ&#038;oe=69FB6DA8\" type=\"video\/mp4\"\/><\/video><\/div>\n\t\t\t\t\t<div class=\"details-wrapper\">\n\t\t\t\t\t<div class=\"wpz-insta-header\">\n\t\t\t\t\t\t<div class=\"wpz-insta-avatar\">\n\t\t\t\t\t\t\t<img loading=\"lazy\" decoding=\"async\" src=\"https:\/\/www.terredemilpa.fr\/wp-content\/uploads\/2025\/05\/194323916_890662334996486_2510662165276911902_n-150x150.jpg\" alt=\"@terredemilpa\" width=\"42\" height=\"42\"\/>\n\t\t\t\t\t\t<\/div>\n\t\t\t\t\t\t<div class=\"wpz-insta-buttons\">\n\t\t\t\t\t\t\t<div class=\"wpz-insta-username\">\n\t\t\t\t\t\t\t\t<a rel=\"noopener\" target=\"_blank\" href=\"https:\/\/instagram.com\/terredemilpa\">@terredemilpa<\/a>\n\t\t\t\t\t\t\t<\/div>\n\t\t\t\t\t\t\t<div>&bull;<\/div>\n\t\t\t\t\t\t\t<div class=\"wpz-insta-follow\">\n\t\t\t\t\t\t\t\t<a target=\"_blank\" rel=\"noopener\"\n\t\t\t\t\t\t\t\thref=\"https:\/\/instagram.com\/terredemilpa?ref=badge\">\n\t\t\t\t\t\t\t\t\tFollow\n\t\t\t\t\t\t\t\t<\/a>\n\t\t\t\t\t\t\t<\/div>\n\t\t\t\t\t\t<\/div>\n\t\t\t\t\t<\/div><div class=\"wpz-insta-caption\">C&#039;est insens\u00e9 de croire qu&#039;on peut encore changer le monde, et pourtant, chez Emma\u00fcs &#8211; @emmausfrance, on est 40 000 \u00e0 le faire.\n\r\nPour d\u00e9couvrir nos activit\u00e9s et notre impact\r\ninsens\u00e9s, rendez-vous sur emmaus-france.org !\n\nTerre de Milpa est fi\u00e8re et heureuse de faire partie du R\u00e9seau Emma\u00fcs.<\/div><div class=\"wpz-insta-date\">2 mois ago<\/div><div class=\"view-post\">\n\t\t\t\t\t<a href=\"https:\/\/www.instagram.com\/reel\/DVQWt-sjmLu\/\" target=\"_blank\" rel=\"noopener\"><span class=\"dashicons dashicons-instagram\"><\/span>View on Instagram<\/a>\n\t\t\t\t\t<span class=\"delimiter\">|<\/span>\n\t\t\t\t\t<div class=\"wpz-insta-pagination\">7\/9<\/div>\n\t\t\t\t\t<\/div><\/div><\/div><\/div><div data-uid=\"18101182879910014\" class=\"swiper-slide wpz-insta-lightbox-item\"><div class=\"wpz-insta-lightbox\"><div class=\"image-wrapper\"><div class=\"swiper\" style=\"height: 100%;\"><div class=\"swiper-wrapper wpz-insta-album-images\"><div class=\"swiper-slide wpz-insta-album-image\" data-media-type=\"image\"><img class=\"wpzoom-swiper-image swiper-lazy\" data-src=\"https:\/\/scontent-cdg4-2.cdninstagram.com\/v\/t51.82787-15\/642133902_18082320698605917_1291338136901818068_n.webp?stp=dst-jpg_e35_tt6&#038;_nc_cat=109&#038;ccb=7-5&#038;_nc_sid=18de74&#038;efg=eyJlZmdfdGFnIjoiQ0FST1VTRUxfSVRFTS5iZXN0X2ltYWdlX3VybGdlbi5DMyJ9&#038;_nc_ohc=splacAfFR7AQ7kNvwFy8cox&#038;_nc_oc=AdqLOCJQJ_HIsrSJlvLeipbZUaSmKoTbvXO6ePupld_Ys7T0jMDZOfIrBOQQGijiGsk&#038;_nc_zt=23&#038;_nc_ht=scontent-cdg4-2.cdninstagram.com&#038;edm=ANo9K5cEAAAA&#038;_nc_gid=kelH4JgEd0BLEVn5EDBnZw&#038;_nc_tpa=Q5bMBQHHqfEJPs0uRdAUXuGXJzymjpiWdd9xAcMj-FLclPkn-6c3SU7QbEj1Vox_lExqcaZd17IqW5bG&#038;oh=00_Af4zbKQBFfjkU_YaQUBfjXaLimO-IWWcubLz5RwztAsajw&#038;oe=69FB95D6\" alt=\"Ce week-end la 40ieme \u00e9dition des Rencontres des alternatives \u00e9cologiques et sociales @assoprimevere  battait son plein !\n\nEn plus de belles rencontres et de supers initiatives aux d\u00e9tours des all\u00e9es, Terre de Milpa \u00e9tait convi\u00e9 \u00e0 participer \u00e0 une table ronde : &quot;Fermes collectives pour sortir de l&#039;agro-industrie&quot;, aux c\u00f4t\u00e9s de Lola Keraron, Nicolas Gohier de La clef des sables et des Greniers des Soul\u00e8vements de la Terre.\n\nLe propos : produire sans surexploiter ni les corps ni la terre implique d&#039;installer massivement de nouvelles et nouveaux agriculteur rices et de partager l&#039;acces au foncier. \u00c0 travers trois exp\u00e9riences locales de fermes coop\u00e9ratives, d&#039;insertion ou de ravitaillement des luttes, cette table ronde a ouvert des perspectives concr\u00e8tes et porteuses d&#039;espoir !\n\n#primev\u00e8res #rencontreprimeveres #ferme #fermecollective #collectif\"\/><div class=\"swiper-lazy-preloader swiper-lazy-preloader-white\"><\/div><\/div><div class=\"swiper-slide wpz-insta-album-image\" data-media-type=\"image\"><img class=\"wpzoom-swiper-image swiper-lazy\" data-src=\"https:\/\/scontent-cdg4-1.cdninstagram.com\/v\/t51.82787-15\/641335733_18082320707605917_3406407425990752501_n.webp?stp=dst-jpg_e35_tt6&#038;_nc_cat=104&#038;ccb=7-5&#038;_nc_sid=18de74&#038;efg=eyJlZmdfdGFnIjoiQ0FST1VTRUxfSVRFTS5iZXN0X2ltYWdlX3VybGdlbi5DMyJ9&#038;_nc_ohc=6kYr40xDFn4Q7kNvwEsX86w&#038;_nc_oc=Adqih6LD0OyfaNc9dcEJwbLBOgAsZ23TUkud5OMx9gYWqjXfckdfhkr7-7zms63n0dg&#038;_nc_zt=23&#038;_nc_ht=scontent-cdg4-1.cdninstagram.com&#038;edm=ANo9K5cEAAAA&#038;_nc_gid=kelH4JgEd0BLEVn5EDBnZw&#038;_nc_tpa=Q5bMBQHgTMjH_8HkTFWdtH7EIt8PBfYKOKn3ElyDuBrVqTgYieDIVeIutGN4ZmiB4329bNx2a_s1y0q_&#038;oh=00_Af4Pq6L4d0A0wp_NECKiwFUhs5gU8ONS625wljDss-ffUQ&#038;oe=69FB77A3\" alt=\"Ce week-end la 40ieme \u00e9dition des Rencontres des alternatives \u00e9cologiques et sociales @assoprimevere  battait son plein !\n\nEn plus de belles rencontres et de supers initiatives aux d\u00e9tours des all\u00e9es, Terre de Milpa \u00e9tait convi\u00e9 \u00e0 participer \u00e0 une table ronde : &quot;Fermes collectives pour sortir de l&#039;agro-industrie&quot;, aux c\u00f4t\u00e9s de Lola Keraron, Nicolas Gohier de La clef des sables et des Greniers des Soul\u00e8vements de la Terre.\n\nLe propos : produire sans surexploiter ni les corps ni la terre implique d&#039;installer massivement de nouvelles et nouveaux agriculteur rices et de partager l&#039;acces au foncier. \u00c0 travers trois exp\u00e9riences locales de fermes coop\u00e9ratives, d&#039;insertion ou de ravitaillement des luttes, cette table ronde a ouvert des perspectives concr\u00e8tes et porteuses d&#039;espoir !\n\n#primev\u00e8res #rencontreprimeveres #ferme #fermecollective #collectif\"\/><div class=\"swiper-lazy-preloader swiper-lazy-preloader-white\"><\/div><\/div><div class=\"swiper-slide wpz-insta-album-image\" data-media-type=\"image\"><img class=\"wpzoom-swiper-image swiper-lazy\" data-src=\"https:\/\/scontent-cdg4-1.cdninstagram.com\/v\/t51.82787-15\/642112658_18082320716605917_3860411672574772880_n.webp?stp=dst-jpg_e35_tt6&#038;_nc_cat=110&#038;ccb=7-5&#038;_nc_sid=18de74&#038;efg=eyJlZmdfdGFnIjoiQ0FST1VTRUxfSVRFTS5iZXN0X2ltYWdlX3VybGdlbi5DMyJ9&#038;_nc_ohc=1Pcv-GlpVosQ7kNvwGxcTyK&#038;_nc_oc=AdqpT_T_irdJH_F-GL5LbfDzoqezXoGp9CxrcxLDSk3msQ59fN67TAJkjtDrFF88GD0&#038;_nc_zt=23&#038;_nc_ht=scontent-cdg4-1.cdninstagram.com&#038;edm=ANo9K5cEAAAA&#038;_nc_gid=kelH4JgEd0BLEVn5EDBnZw&#038;_nc_tpa=Q5bMBQFq5BYl9_MRbOvd9kh7EA9eybnw3BuDjfK8WwVO4H-fdX-0GYjRItp20kkjZQC1U8vxi-TqGUA8&#038;oh=00_Af4vCQIyA1OGNdJhDCdXmW8V3oTScq5OE5HiO3W1qrLvBA&#038;oe=69FB7F68\" alt=\"Ce week-end la 40ieme \u00e9dition des Rencontres des alternatives \u00e9cologiques et sociales @assoprimevere  battait son plein !\n\nEn plus de belles rencontres et de supers initiatives aux d\u00e9tours des all\u00e9es, Terre de Milpa \u00e9tait convi\u00e9 \u00e0 participer \u00e0 une table ronde : &quot;Fermes collectives pour sortir de l&#039;agro-industrie&quot;, aux c\u00f4t\u00e9s de Lola Keraron, Nicolas Gohier de La clef des sables et des Greniers des Soul\u00e8vements de la Terre.\n\nLe propos : produire sans surexploiter ni les corps ni la terre implique d&#039;installer massivement de nouvelles et nouveaux agriculteur rices et de partager l&#039;acces au foncier. \u00c0 travers trois exp\u00e9riences locales de fermes coop\u00e9ratives, d&#039;insertion ou de ravitaillement des luttes, cette table ronde a ouvert des perspectives concr\u00e8tes et porteuses d&#039;espoir !\n\n#primev\u00e8res #rencontreprimeveres #ferme #fermecollective #collectif\"\/><div class=\"swiper-lazy-preloader swiper-lazy-preloader-white\"><\/div><\/div><\/div><div class=\"swiper-pagination\"><\/div><div class=\"swiper-button-prev\"><\/div><div class=\"swiper-button-next\"><\/div><\/div><\/div>\n\t\t\t\t\t<div class=\"details-wrapper\">\n\t\t\t\t\t<div class=\"wpz-insta-header\">\n\t\t\t\t\t\t<div class=\"wpz-insta-avatar\">\n\t\t\t\t\t\t\t<img loading=\"lazy\" decoding=\"async\" src=\"https:\/\/www.terredemilpa.fr\/wp-content\/uploads\/2025\/05\/194323916_890662334996486_2510662165276911902_n-150x150.jpg\" alt=\"@terredemilpa\" width=\"42\" height=\"42\"\/>\n\t\t\t\t\t\t<\/div>\n\t\t\t\t\t\t<div class=\"wpz-insta-buttons\">\n\t\t\t\t\t\t\t<div class=\"wpz-insta-username\">\n\t\t\t\t\t\t\t\t<a rel=\"noopener\" target=\"_blank\" href=\"https:\/\/instagram.com\/terredemilpa\">@terredemilpa<\/a>\n\t\t\t\t\t\t\t<\/div>\n\t\t\t\t\t\t\t<div>&bull;<\/div>\n\t\t\t\t\t\t\t<div class=\"wpz-insta-follow\">\n\t\t\t\t\t\t\t\t<a target=\"_blank\" rel=\"noopener\"\n\t\t\t\t\t\t\t\thref=\"https:\/\/instagram.com\/terredemilpa?ref=badge\">\n\t\t\t\t\t\t\t\t\tFollow\n\t\t\t\t\t\t\t\t<\/a>\n\t\t\t\t\t\t\t<\/div>\n\t\t\t\t\t\t<\/div>\n\t\t\t\t\t<\/div><div class=\"wpz-insta-caption\">Ce week-end la 40ieme \u00e9dition des Rencontres des alternatives \u00e9cologiques et sociales @assoprimevere  battait son plein !\n\nEn plus de belles rencontres et de supers initiatives aux d\u00e9tours des all\u00e9es, Terre de Milpa \u00e9tait convi\u00e9 \u00e0 participer \u00e0 une table ronde : &quot;Fermes collectives pour sortir de l&#039;agro-industrie&quot;, aux c\u00f4t\u00e9s de Lola Keraron, Nicolas Gohier de La clef des sables et des Greniers des Soul\u00e8vements de la Terre.\n\nLe propos : produire sans surexploiter ni les corps ni la terre implique d&#039;installer massivement de nouvelles et nouveaux agriculteur rices et de partager l&#039;acces au foncier. \u00c0 travers trois exp\u00e9riences locales de fermes coop\u00e9ratives, d&#039;insertion ou de ravitaillement des luttes, cette table ronde a ouvert des perspectives concr\u00e8tes et porteuses d&#039;espoir !\n\n#primev\u00e8res #rencontreprimeveres #ferme #fermecollective #collectif<\/div><div class=\"wpz-insta-date\">2 mois ago<\/div><div class=\"view-post\">\n\t\t\t\t\t<a href=\"https:\/\/www.instagram.com\/p\/DVMj6EijM-5\/\" target=\"_blank\" rel=\"noopener\"><span class=\"dashicons dashicons-instagram\"><\/span>View on Instagram<\/a>\n\t\t\t\t\t<span class=\"delimiter\">|<\/span>\n\t\t\t\t\t<div class=\"wpz-insta-pagination\">8\/9<\/div>\n\t\t\t\t\t<\/div><\/div><\/div><\/div><div data-uid=\"18558366538036996\" class=\"swiper-slide wpz-insta-lightbox-item\"><div class=\"wpz-insta-lightbox\"><div class=\"image-wrapper\"><div class=\"swiper\" style=\"height: 100%;\"><div class=\"swiper-wrapper wpz-insta-album-images\"><div class=\"swiper-slide wpz-insta-album-image\" data-media-type=\"image\"><img class=\"wpzoom-swiper-image swiper-lazy\" data-src=\"https:\/\/scontent-cdg6-1.cdninstagram.com\/v\/t39.30808-6\/634207724_1224733019800809_4684000508204827250_n.jpg?stp=dst-jpg_e35_tt6&#038;_nc_cat=105&#038;ccb=7-5&#038;_nc_sid=18de74&#038;efg=eyJlZmdfdGFnIjoiQ0FST1VTRUxfSVRFTS5iZXN0X2ltYWdlX3VybGdlbi5DMyJ9&#038;_nc_ohc=LoW9X4gRYwsQ7kNvwEkI7Qh&#038;_nc_oc=AdoRvRzbFWlGN_r9EtgRAbTNsLgrNIECuXdPrV9jRhNfmPQl930nhjx9ufIm3SmpPb4&#038;_nc_zt=23&#038;_nc_ht=scontent-cdg6-1.cdninstagram.com&#038;edm=ANo9K5cEAAAA&#038;_nc_gid=kelH4JgEd0BLEVn5EDBnZw&#038;_nc_tpa=Q5bMBQGTZvwh4TSUShGcbPOiWCcEo5JTkd7ekSLktc9M58hlDiUMbfvfUgeQ3VFnY--Z6JTLtfz3Kx65&#038;oh=00_Af7PxA0njUcp99Sl-_5j3lO_G4LXiErPF3kXucKVp-aJxQ&#038;oe=69FB9B59\" alt=\"\ud835\uddd8\ud835\uddfb\ud835\ude03\ud835\uddf6\ud835\uddf2 \ud835\uddf1\u2019\ud835\ude02\ud835\uddfb\ud835\uddf2 \ud835\uddf7\ud835\uddfc\ud835\ude02\ud835\uddff\ud835\uddfb\ud835\uddf2\u0301\ud835\uddf2 \ud835\uddff\ud835\uddf6\ud835\uddf0\ud835\uddf5\ud835\uddf2 \ud835\uddf2\ud835\uddfb \ud835\uddff\ud835\uddf2\ud835\uddfb\ud835\uddf0\ud835\uddfc\ud835\uddfb\ud835\ude01\ud835\uddff\ud835\uddf2\ud835\ude00 \ud835\uddf2\ud835\ude01 \ud835\uddf2\ud835\uddfb \ud835\uddee\ud835\uddfd\ud835\uddfd\ud835\uddff\ud835\uddf2\ud835\uddfb\ud835\ude01\ud835\uddf6\ud835\ude00\ud835\ude00\ud835\uddee\ud835\uddf4\ud835\uddf2\ud835\ude00 ?\ud83c\udf31\nRejoignez-nous pour un chantier participatif ! \n\nUne fois par mois, nous nous retrouvons \u00e0 la ferme pour cultiver, bricoler, apprendre ensemble et partager un moment convivial. \nQue vous soyez d\u00e9butant.e ou expert.e, chaque coup de main compte !\n\nCe que nos habitu\u00e9.es aiment pendant les chantiers, c&#039;est :\n\ud83c\udf31 Mettre les mains dans la terre... et ressentir de l&#039;apaisement !\n\ud83e\udd1d Rencontrer des personnes engag\u00e9es... et se sentir accueilli.e !\n\ud83c\udf45 D\u00e9couvrir des pratiques agricoles respectueuses... et se sentir fier.e !\n\ud83c\udf7d\ufe0f Partager un repas convivial... et se r\u00e9galer dans la bonne humeur !\n\nProchaines dates : les dimanche 1er mars, 29 mars, 3 mai, 7 juin, et 7 juillet\nInscription et infos : coordination@terredemilpa.fr\n\nA bient\u00f4t sur les terres de milpa\u00efennes !\ud83e\udd55\n\n#ChantierParticipatif #AgricultureDurable #\u00c9cologie #Engagement #Permaculture #Communaut\u00e9\"\/><div class=\"swiper-lazy-preloader swiper-lazy-preloader-white\"><\/div><\/div><div class=\"swiper-slide wpz-insta-album-image\" data-media-type=\"image\"><img class=\"wpzoom-swiper-image swiper-lazy\" data-src=\"https:\/\/scontent-cdg4-2.cdninstagram.com\/v\/t39.30808-6\/634809044_1224732999800811_3193739157334491044_n.jpg?stp=dst-jpg_e35_tt6&#038;_nc_cat=100&#038;ccb=7-5&#038;_nc_sid=18de74&#038;efg=eyJlZmdfdGFnIjoiQ0FST1VTRUxfSVRFTS5iZXN0X2ltYWdlX3VybGdlbi5DMyJ9&#038;_nc_ohc=hH515F9Mou0Q7kNvwEPk7Mj&#038;_nc_oc=AdqFjOZjCEe024Pvuy_KA0K47WaiME0kpae7vCYh4ICNdtRSOsI975WGYaEualsVsaY&#038;_nc_zt=23&#038;_nc_ht=scontent-cdg4-2.cdninstagram.com&#038;edm=ANo9K5cEAAAA&#038;_nc_gid=kelH4JgEd0BLEVn5EDBnZw&#038;_nc_tpa=Q5bMBQGyMSpQ5ryQ1RdWrvjnduPSsNozoAqg_djSOT0GVb_ltcGpWT0tDf-fFVFmyBy7NQBnz_Occ7IQ&#038;oh=00_Af4MGWNh9IH321gYsP21-9EjBuyhIT9x1gN_c1w4WxJvqA&#038;oe=69FB71B7\" alt=\"\ud835\uddd8\ud835\uddfb\ud835\ude03\ud835\uddf6\ud835\uddf2 \ud835\uddf1\u2019\ud835\ude02\ud835\uddfb\ud835\uddf2 \ud835\uddf7\ud835\uddfc\ud835\ude02\ud835\uddff\ud835\uddfb\ud835\uddf2\u0301\ud835\uddf2 \ud835\uddff\ud835\uddf6\ud835\uddf0\ud835\uddf5\ud835\uddf2 \ud835\uddf2\ud835\uddfb \ud835\uddff\ud835\uddf2\ud835\uddfb\ud835\uddf0\ud835\uddfc\ud835\uddfb\ud835\ude01\ud835\uddff\ud835\uddf2\ud835\ude00 \ud835\uddf2\ud835\ude01 \ud835\uddf2\ud835\uddfb \ud835\uddee\ud835\uddfd\ud835\uddfd\ud835\uddff\ud835\uddf2\ud835\uddfb\ud835\ude01\ud835\uddf6\ud835\ude00\ud835\ude00\ud835\uddee\ud835\uddf4\ud835\uddf2\ud835\ude00 ?\ud83c\udf31\nRejoignez-nous pour un chantier participatif ! \n\nUne fois par mois, nous nous retrouvons \u00e0 la ferme pour cultiver, bricoler, apprendre ensemble et partager un moment convivial. \nQue vous soyez d\u00e9butant.e ou expert.e, chaque coup de main compte !\n\nCe que nos habitu\u00e9.es aiment pendant les chantiers, c&#039;est :\n\ud83c\udf31 Mettre les mains dans la terre... et ressentir de l&#039;apaisement !\n\ud83e\udd1d Rencontrer des personnes engag\u00e9es... et se sentir accueilli.e !\n\ud83c\udf45 D\u00e9couvrir des pratiques agricoles respectueuses... et se sentir fier.e !\n\ud83c\udf7d\ufe0f Partager un repas convivial... et se r\u00e9galer dans la bonne humeur !\n\nProchaines dates : les dimanche 1er mars, 29 mars, 3 mai, 7 juin, et 7 juillet\nInscription et infos : coordination@terredemilpa.fr\n\nA bient\u00f4t sur les terres de milpa\u00efennes !\ud83e\udd55\n\n#ChantierParticipatif #AgricultureDurable #\u00c9cologie #Engagement #Permaculture #Communaut\u00e9\"\/><div class=\"swiper-lazy-preloader swiper-lazy-preloader-white\"><\/div><\/div><div class=\"swiper-slide wpz-insta-album-image\" data-media-type=\"image\"><img class=\"wpzoom-swiper-image swiper-lazy\" data-src=\"https:\/\/scontent-cdg6-1.cdninstagram.com\/v\/t39.30808-6\/633400374_1224732996467478_4781825467416585452_n.jpg?stp=dst-jpg_e35_tt6&#038;_nc_cat=106&#038;ccb=7-5&#038;_nc_sid=18de74&#038;efg=eyJlZmdfdGFnIjoiQ0FST1VTRUxfSVRFTS5iZXN0X2ltYWdlX3VybGdlbi5DMyJ9&#038;_nc_ohc=TVY2FfTqc8UQ7kNvwGyAULM&#038;_nc_oc=AdrDWQG0E9IP8_6PiEkytX-2XmtMY0fqw-ldr0BT0KPpbpckiKgrmT6EJjf8zLCdmas&#038;_nc_zt=23&#038;_nc_ht=scontent-cdg6-1.cdninstagram.com&#038;edm=ANo9K5cEAAAA&#038;_nc_gid=kelH4JgEd0BLEVn5EDBnZw&#038;_nc_tpa=Q5bMBQHx0uxdXNB2XKLSZs0ZAx7DitsyVcVA97bWDXJ0J7k84HJ15TpsVo2Kov4S5T3bnS2eWkG3lpmC&#038;oh=00_Af7Bw45J2HghFHASD2M0yvpnYINzLd5eT-Zf7VGlYC5Gog&#038;oe=69FB74CB\" alt=\"\ud835\uddd8\ud835\uddfb\ud835\ude03\ud835\uddf6\ud835\uddf2 \ud835\uddf1\u2019\ud835\ude02\ud835\uddfb\ud835\uddf2 \ud835\uddf7\ud835\uddfc\ud835\ude02\ud835\uddff\ud835\uddfb\ud835\uddf2\u0301\ud835\uddf2 \ud835\uddff\ud835\uddf6\ud835\uddf0\ud835\uddf5\ud835\uddf2 \ud835\uddf2\ud835\uddfb \ud835\uddff\ud835\uddf2\ud835\uddfb\ud835\uddf0\ud835\uddfc\ud835\uddfb\ud835\ude01\ud835\uddff\ud835\uddf2\ud835\ude00 \ud835\uddf2\ud835\ude01 \ud835\uddf2\ud835\uddfb \ud835\uddee\ud835\uddfd\ud835\uddfd\ud835\uddff\ud835\uddf2\ud835\uddfb\ud835\ude01\ud835\uddf6\ud835\ude00\ud835\ude00\ud835\uddee\ud835\uddf4\ud835\uddf2\ud835\ude00 ?\ud83c\udf31\nRejoignez-nous pour un chantier participatif ! \n\nUne fois par mois, nous nous retrouvons \u00e0 la ferme pour cultiver, bricoler, apprendre ensemble et partager un moment convivial. \nQue vous soyez d\u00e9butant.e ou expert.e, chaque coup de main compte !\n\nCe que nos habitu\u00e9.es aiment pendant les chantiers, c&#039;est :\n\ud83c\udf31 Mettre les mains dans la terre... et ressentir de l&#039;apaisement !\n\ud83e\udd1d Rencontrer des personnes engag\u00e9es... et se sentir accueilli.e !\n\ud83c\udf45 D\u00e9couvrir des pratiques agricoles respectueuses... et se sentir fier.e !\n\ud83c\udf7d\ufe0f Partager un repas convivial... et se r\u00e9galer dans la bonne humeur !\n\nProchaines dates : les dimanche 1er mars, 29 mars, 3 mai, 7 juin, et 7 juillet\nInscription et infos : coordination@terredemilpa.fr\n\nA bient\u00f4t sur les terres de milpa\u00efennes !\ud83e\udd55\n\n#ChantierParticipatif #AgricultureDurable #\u00c9cologie #Engagement #Permaculture #Communaut\u00e9\"\/><div class=\"swiper-lazy-preloader swiper-lazy-preloader-white\"><\/div><\/div><\/div><div class=\"swiper-pagination\"><\/div><div class=\"swiper-button-prev\"><\/div><div class=\"swiper-button-next\"><\/div><\/div><\/div>\n\t\t\t\t\t<div class=\"details-wrapper\">\n\t\t\t\t\t<div class=\"wpz-insta-header\">\n\t\t\t\t\t\t<div class=\"wpz-insta-avatar\">\n\t\t\t\t\t\t\t<img loading=\"lazy\" decoding=\"async\" src=\"https:\/\/www.terredemilpa.fr\/wp-content\/uploads\/2025\/05\/194323916_890662334996486_2510662165276911902_n-150x150.jpg\" alt=\"@terredemilpa\" width=\"42\" height=\"42\"\/>\n\t\t\t\t\t\t<\/div>\n\t\t\t\t\t\t<div class=\"wpz-insta-buttons\">\n\t\t\t\t\t\t\t<div class=\"wpz-insta-username\">\n\t\t\t\t\t\t\t\t<a rel=\"noopener\" target=\"_blank\" href=\"https:\/\/instagram.com\/terredemilpa\">@terredemilpa<\/a>\n\t\t\t\t\t\t\t<\/div>\n\t\t\t\t\t\t\t<div>&bull;<\/div>\n\t\t\t\t\t\t\t<div class=\"wpz-insta-follow\">\n\t\t\t\t\t\t\t\t<a target=\"_blank\" rel=\"noopener\"\n\t\t\t\t\t\t\t\thref=\"https:\/\/instagram.com\/terredemilpa?ref=badge\">\n\t\t\t\t\t\t\t\t\tFollow\n\t\t\t\t\t\t\t\t<\/a>\n\t\t\t\t\t\t\t<\/div>\n\t\t\t\t\t\t<\/div>\n\t\t\t\t\t<\/div><div class=\"wpz-insta-caption\">\ud835\uddd8\ud835\uddfb\ud835\ude03\ud835\uddf6\ud835\uddf2 \ud835\uddf1\u2019\ud835\ude02\ud835\uddfb\ud835\uddf2 \ud835\uddf7\ud835\uddfc\ud835\ude02\ud835\uddff\ud835\uddfb\ud835\uddf2\u0301\ud835\uddf2 \ud835\uddff\ud835\uddf6\ud835\uddf0\ud835\uddf5\ud835\uddf2 \ud835\uddf2\ud835\uddfb \ud835\uddff\ud835\uddf2\ud835\uddfb\ud835\uddf0\ud835\uddfc\ud835\uddfb\ud835\ude01\ud835\uddff\ud835\uddf2\ud835\ude00 \ud835\uddf2\ud835\ude01 \ud835\uddf2\ud835\uddfb \ud835\uddee\ud835\uddfd\ud835\uddfd\ud835\uddff\ud835\uddf2\ud835\uddfb\ud835\ude01\ud835\uddf6\ud835\ude00\ud835\ude00\ud835\uddee\ud835\uddf4\ud835\uddf2\ud835\ude00 ?\ud83c\udf31\nRejoignez-nous pour un chantier participatif ! \n\nUne fois par mois, nous nous retrouvons \u00e0 la ferme pour cultiver, bricoler, apprendre ensemble et partager un moment convivial. \nQue vous soyez d\u00e9butant.e ou expert.e, chaque coup de main compte !\n\nCe que nos habitu\u00e9.es aiment pendant les chantiers, c&#039;est :\n\ud83c\udf31 Mettre les mains dans la terre&#8230; et ressentir de l&#039;apaisement !\n\ud83e\udd1d Rencontrer des personnes engag\u00e9es&#8230; et se sentir accueilli.e !\n\ud83c\udf45 D\u00e9couvrir des pratiques agricoles respectueuses&#8230; et se sentir fier.e !\n\ud83c\udf7d\ufe0f Partager un repas convivial&#8230; et se r\u00e9galer dans la bonne humeur !\n\nProchaines dates : les dimanche 1er mars, 29 mars, 3 mai, 7 juin, et 7 juillet\nInscription et infos : coordination@terredemilpa.fr\n\nA bient\u00f4t sur les terres de milpa\u00efennes !\ud83e\udd55\n\n#ChantierParticipatif #AgricultureDurable #\u00c9cologie #Engagement #Permaculture #Communaut\u00e9<\/div><div class=\"wpz-insta-date\">3 mois ago<\/div><div class=\"view-post\">\n\t\t\t\t\t<a href=\"https:\/\/www.instagram.com\/p\/DUqiR_FgmR_\/\" target=\"_blank\" rel=\"noopener\"><span class=\"dashicons dashicons-instagram\"><\/span>View on Instagram<\/a>\n\t\t\t\t\t<span class=\"delimiter\">|<\/span>\n\t\t\t\t\t<div class=\"wpz-insta-pagination\">9\/9<\/div>\n\t\t\t\t\t<\/div><\/div><\/div><\/div><\/div><div class=\"swiper-button-prev\"><\/div><div class=\"swiper-button-next\"><\/div><\/div><\/div><\/div>","protected":false},"excerpt":{"rendered":"<p>L&rsquo;association d\u00e9veloppe la cr\u00e9ation d&rsquo;une ferme innovante en agro-\u00e9cologie sur le territoire de la M\u00e9tropole de Lyon, en \u0153uvrant contre les injustices et diff\u00e9rentes formes d&rsquo;exclusion et pour l&rsquo;\u00e9galit\u00e9 et la place des femmes. Pour un syst\u00e8me alimentaire plus juste, \u00e9cologique et solidaire Terre de Milpa inscrit son action dans un r\u00e9seau solidaire fort : &hellip; <\/p>\n<p class=\"link-more\"><a href=\"https:\/\/www.terredemilpa.fr\/\" class=\"more-link\">Lire la suite de<span class=\"screen-reader-text\">\u00ab\u00a0D\u00e9couvrir Terre de Milpa\u00a0\u00bb<\/span><\/a><\/p>\n","protected":false},"author":1,"featured_media":0,"parent":0,"menu_order":0,"comment_status":"closed","ping_status":"closed","template":"","meta":{"inspiro_hide_title":false,"footnotes":""},"class_list":["post-60","page","type-page","status-publish","hentry"],"_links":{"self":[{"href":"https:\/\/www.terredemilpa.fr\/index.php?rest_route=\/wp\/v2\/pages\/60","targetHints":{"allow":["GET"]}}],"collection":[{"href":"https:\/\/www.terredemilpa.fr\/index.php?rest_route=\/wp\/v2\/pages"}],"about":[{"href":"https:\/\/www.terredemilpa.fr\/index.php?rest_route=\/wp\/v2\/types\/page"}],"author":[{"embeddable":true,"href":"https:\/\/www.terredemilpa.fr\/index.php?rest_route=\/wp\/v2\/users\/1"}],"replies":[{"embeddable":true,"href":"https:\/\/www.terredemilpa.fr\/index.php?rest_route=%2Fwp%2Fv2%2Fcomments&post=60"}],"version-history":[{"count":44,"href":"https:\/\/www.terredemilpa.fr\/index.php?rest_route=\/wp\/v2\/pages\/60\/revisions"}],"predecessor-version":[{"id":445,"href":"https:\/\/www.terredemilpa.fr\/index.php?rest_route=\/wp\/v2\/pages\/60\/revisions\/445"}],"wp:attachment":[{"href":"https:\/\/www.terredemilpa.fr\/index.php?rest_route=%2Fwp%2Fv2%2Fmedia&parent=60"}],"curies":[{"name":"wp","href":"https:\/\/api.w.org\/{rel}","templated":true}]}}